{"id":255,"date":"2021-07-12T20:12:47","date_gmt":"2021-07-12T20:12:47","guid":{"rendered":"https:\/\/espaciocultural.ciudaddemendoza.gob.ar\/?page_id=255"},"modified":"2021-12-27T13:41:37","modified_gmt":"2021-12-27T13:41:37","slug":"julio-quintanilla","status":"publish","type":"page","link":"https:\/\/espaciocultural.ciudaddemendoza.gob.ar\/?page_id=255","title":{"rendered":"Julio Quintanilla"},"content":{"rendered":"\t\t<div data-elementor-type=\"wp-page\" data-elementor-id=\"255\" class=\"elementor elementor-255\">\n\t\t\t\t\t\t\t\t\t<section class=\"elementor-section elementor-top-section elementor-element elementor-element-4f8858c elementor-section-height-min-height animated-slow elementor-section-full_width elementor-section-height-default elementor-section-items-middle elementor-invisible\" data-id=\"4f8858c\" data-element_type=\"section\" data-settings=\"{&quot;background_background&quot;:&quot;classic&quot;,&quot;animation&quot;:&quot;fadeIn&quot;}\">\n\t\t\t\t\t\t<div class=\"elementor-container elementor-column-gap-default\">\n\t\t\t\t\t<div class=\"elementor-column elementor-col-100 elementor-top-column elementor-element elementor-element-84efc9b\" data-id=\"84efc9b\" data-element_type=\"column\">\n\t\t\t<div class=\"elementor-widget-wrap elementor-element-populated\">\n\t\t\t\t\t\t\t\t<div class=\"elementor-element elementor-element-0bd2ad8 elementor-widget elementor-widget-image\" data-id=\"0bd2ad8\" data-element_type=\"widget\" data-widget_type=\"image.default\">\n\t\t\t\t<div class=\"elementor-widget-container\">\n\t\t\t\t\t\t\t\t\t\t\t\t\t\t\t<img loading=\"lazy\" decoding=\"async\" width=\"420\" height=\"139\" src=\"https:\/\/espaciocultural.ciudaddemendoza.gob.ar\/wp-content\/uploads\/2021\/07\/quinta-13.png\" class=\"attachment-full size-full wp-image-259\" alt=\"\" srcset=\"https:\/\/espaciocultural.ciudaddemendoza.gob.ar\/wp-content\/uploads\/2021\/07\/quinta-13.png 420w, https:\/\/espaciocultural.ciudaddemendoza.gob.ar\/wp-content\/uploads\/2021\/07\/quinta-13-300x99.png 300w\" sizes=\"auto, (max-width: 420px) 100vw, 420px\" \/>\t\t\t\t\t\t\t\t\t\t\t\t\t\t\t<\/div>\n\t\t\t\t<\/div>\n\t\t\t\t\t<\/div>\n\t\t<\/div>\n\t\t\t\t\t\t\t<\/div>\n\t\t<\/section>\n\t\t\t\t<section class=\"elementor-section elementor-top-section elementor-element elementor-element-4ef4057 elementor-section-height-min-height animated-slow elementor-section-items-top elementor-section-boxed elementor-section-height-default elementor-invisible\" data-id=\"4ef4057\" data-element_type=\"section\" data-settings=\"{&quot;background_background&quot;:&quot;classic&quot;,&quot;animation&quot;:&quot;fadeIn&quot;}\">\n\t\t\t\t\t\t<div class=\"elementor-container elementor-column-gap-default\">\n\t\t\t\t\t<div class=\"elementor-column elementor-col-33 elementor-top-column elementor-element elementor-element-23d461f\" data-id=\"23d461f\" data-element_type=\"column\">\n\t\t\t<div class=\"elementor-widget-wrap elementor-element-populated\">\n\t\t\t\t\t\t\t\t<div class=\"elementor-element elementor-element-7c6a822 elementor-view-default elementor-widget elementor-widget-icon\" data-id=\"7c6a822\" data-element_type=\"widget\" data-widget_type=\"icon.default\">\n\t\t\t\t<div class=\"elementor-widget-container\">\n\t\t\t\t\t<div class=\"elementor-icon-wrapper\">\n\t\t\t<div class=\"elementor-icon\">\n\t\t\t<i aria-hidden=\"true\" class=\"fas fa-inbox\"><\/i>\t\t\t<\/div>\n\t\t<\/div>\n\t\t\t\t<\/div>\n\t\t\t\t<\/div>\n\t\t\t\t<div class=\"elementor-element elementor-element-0c1954a animated-slow elementor-invisible elementor-widget elementor-widget-heading\" data-id=\"0c1954a\" data-element_type=\"widget\" data-settings=\"{&quot;_animation&quot;:&quot;fadeIn&quot;,&quot;_animation_delay&quot;:500}\" data-widget_type=\"heading.default\">\n\t\t\t\t<div class=\"elementor-widget-container\">\n\t\t\t<h2 class=\"elementor-heading-title elementor-size-default\">Contacto<\/h2>\t\t<\/div>\n\t\t\t\t<\/div>\n\t\t\t\t<div class=\"elementor-element elementor-element-c70be36 animated-slow elementor-invisible elementor-widget elementor-widget-heading\" data-id=\"c70be36\" data-element_type=\"widget\" data-settings=\"{&quot;_animation&quot;:&quot;fadeIn&quot;,&quot;_animation_delay&quot;:500}\" data-widget_type=\"heading.default\">\n\t\t\t\t<div class=\"elementor-widget-container\">\n\t\t\t<h2 class=\"elementor-heading-title elementor-size-default\">teatroquintanilla@ciudaddemendoza.gov.ar<\/h2>\t\t<\/div>\n\t\t\t\t<\/div>\n\t\t\t\t\t<\/div>\n\t\t<\/div>\n\t\t\t\t<div class=\"elementor-column elementor-col-33 elementor-top-column elementor-element elementor-element-56a8273\" data-id=\"56a8273\" data-element_type=\"column\">\n\t\t\t<div class=\"elementor-widget-wrap elementor-element-populated\">\n\t\t\t\t\t\t\t\t<div class=\"elementor-element elementor-element-da0b549 elementor-view-default elementor-widget elementor-widget-icon\" data-id=\"da0b549\" data-element_type=\"widget\" data-widget_type=\"icon.default\">\n\t\t\t\t<div class=\"elementor-widget-container\">\n\t\t\t\t\t<div class=\"elementor-icon-wrapper\">\n\t\t\t<div class=\"elementor-icon\">\n\t\t\t<i aria-hidden=\"true\" class=\"fas fa-map-marker-alt\"><\/i>\t\t\t<\/div>\n\t\t<\/div>\n\t\t\t\t<\/div>\n\t\t\t\t<\/div>\n\t\t\t\t<div class=\"elementor-element elementor-element-e1a9c0d animated-slow elementor-invisible elementor-widget elementor-widget-heading\" data-id=\"e1a9c0d\" data-element_type=\"widget\" data-settings=\"{&quot;_animation&quot;:&quot;fadeIn&quot;,&quot;_animation_delay&quot;:500}\" data-widget_type=\"heading.default\">\n\t\t\t\t<div class=\"elementor-widget-container\">\n\t\t\t<h2 class=\"elementor-heading-title elementor-size-default\">Direcci\u00f3n<\/h2>\t\t<\/div>\n\t\t\t\t<\/div>\n\t\t\t\t<div class=\"elementor-element elementor-element-e2a175b animated-slow elementor-invisible elementor-widget elementor-widget-heading\" data-id=\"e2a175b\" data-element_type=\"widget\" data-settings=\"{&quot;_animation&quot;:&quot;fadeIn&quot;,&quot;_animation_delay&quot;:500}\" data-widget_type=\"heading.default\">\n\t\t\t\t<div class=\"elementor-widget-container\">\n\t\t\t<h2 class=\"elementor-heading-title elementor-size-default\">Plaza Independencia<\/h2>\t\t<\/div>\n\t\t\t\t<\/div>\n\t\t\t\t\t<\/div>\n\t\t<\/div>\n\t\t\t\t<div class=\"elementor-column elementor-col-33 elementor-top-column elementor-element elementor-element-b8d468e\" data-id=\"b8d468e\" data-element_type=\"column\">\n\t\t\t<div class=\"elementor-widget-wrap elementor-element-populated\">\n\t\t\t\t\t\t\t\t<div class=\"elementor-element elementor-element-33ddf04 elementor-view-default elementor-widget elementor-widget-icon\" data-id=\"33ddf04\" data-element_type=\"widget\" data-widget_type=\"icon.default\">\n\t\t\t\t<div class=\"elementor-widget-container\">\n\t\t\t\t\t<div class=\"elementor-icon-wrapper\">\n\t\t\t<div class=\"elementor-icon\">\n\t\t\t<i aria-hidden=\"true\" class=\"far fa-clock\"><\/i>\t\t\t<\/div>\n\t\t<\/div>\n\t\t\t\t<\/div>\n\t\t\t\t<\/div>\n\t\t\t\t<div class=\"elementor-element elementor-element-1685053 animated-slow elementor-invisible elementor-widget elementor-widget-heading\" data-id=\"1685053\" data-element_type=\"widget\" data-settings=\"{&quot;_animation&quot;:&quot;fadeIn&quot;,&quot;_animation_delay&quot;:500}\" data-widget_type=\"heading.default\">\n\t\t\t\t<div class=\"elementor-widget-container\">\n\t\t\t<h2 class=\"elementor-heading-title elementor-size-default\">Horario de Atenci\u00f3n<\/h2>\t\t<\/div>\n\t\t\t\t<\/div>\n\t\t\t\t<div class=\"elementor-element elementor-element-121ec06 animated-slow elementor-invisible elementor-widget elementor-widget-heading\" data-id=\"121ec06\" data-element_type=\"widget\" data-settings=\"{&quot;_animation&quot;:&quot;fadeIn&quot;,&quot;_animation_delay&quot;:500}\" data-widget_type=\"heading.default\">\n\t\t\t\t<div class=\"elementor-widget-container\">\n\t\t\t<h2 class=\"elementor-heading-title elementor-size-default\">Martes a viernes de 10 a 13:30 hs<\/h2>\t\t<\/div>\n\t\t\t\t<\/div>\n\t\t\t\t\t<\/div>\n\t\t<\/div>\n\t\t\t\t\t\t\t<\/div>\n\t\t<\/section>\n\t\t\t\t<section class=\"elementor-section elementor-top-section elementor-element elementor-element-e4dcf3f elementor-section-boxed elementor-section-height-default elementor-section-height-default\" data-id=\"e4dcf3f\" data-element_type=\"section\" data-settings=\"{&quot;background_background&quot;:&quot;classic&quot;}\">\n\t\t\t\t\t\t<div class=\"elementor-container elementor-column-gap-default\">\n\t\t\t\t\t<div class=\"elementor-column elementor-col-100 elementor-top-column elementor-element elementor-element-7743fc8 elementor-invisible\" data-id=\"7743fc8\" data-element_type=\"column\" data-settings=\"{&quot;animation&quot;:&quot;bounceIn&quot;}\">\n\t\t\t<div class=\"elementor-widget-wrap elementor-element-populated\">\n\t\t\t\t\t\t\t\t<div class=\"elementor-element elementor-element-2ea1031 elementor-align-justify elementor-widget__width-initial elementor-widget elementor-widget-button\" data-id=\"2ea1031\" data-element_type=\"widget\" data-settings=\"{&quot;_animation&quot;:&quot;none&quot;}\" data-widget_type=\"button.default\">\n\t\t\t\t<div class=\"elementor-widget-container\">\n\t\t\t\t\t<div class=\"elementor-button-wrapper\">\n\t\t\t<a href=\"https:\/\/espaciocultural.ciudaddemendoza.gob.ar\/?page_id=95322\" class=\"elementor-button-link elementor-button elementor-size-xl elementor-animation-grow\" role=\"button\">\n\t\t\t\t\t\t<span class=\"elementor-button-content-wrapper\">\n\t\t\t\t\t\t<span class=\"elementor-button-text\">Programaci\u00f3n \/ Cartelera <\/span>\n\t\t<\/span>\n\t\t\t\t\t<\/a>\n\t\t<\/div>\n\t\t\t\t<\/div>\n\t\t\t\t<\/div>\n\t\t\t\t<div class=\"elementor-element elementor-element-e71493d elementor-align-justify elementor-widget__width-initial elementor-widget elementor-widget-button\" data-id=\"e71493d\" data-element_type=\"widget\" data-settings=\"{&quot;_animation&quot;:&quot;none&quot;}\" data-widget_type=\"button.default\">\n\t\t\t\t<div class=\"elementor-widget-container\">\n\t\t\t\t\t<div class=\"elementor-button-wrapper\">\n\t\t\t<a href=\"https:\/\/espaciocultural.ciudaddemendoza.gob.ar\/?page_id=95572\" class=\"elementor-button-link elementor-button elementor-size-xl elementor-animation-grow\" role=\"button\">\n\t\t\t\t\t\t<span class=\"elementor-button-content-wrapper\">\n\t\t\t\t\t\t<span class=\"elementor-button-text\">Sala<\/span>\n\t\t<\/span>\n\t\t\t\t\t<\/a>\n\t\t<\/div>\n\t\t\t\t<\/div>\n\t\t\t\t<\/div>\n\t\t\t\t<div class=\"elementor-element elementor-element-84c1166 elementor-align-center elementor-widget__width-initial elementor-widget elementor-widget-button\" data-id=\"84c1166\" data-element_type=\"widget\" data-settings=\"{&quot;_animation&quot;:&quot;none&quot;}\" data-widget_type=\"button.default\">\n\t\t\t\t<div class=\"elementor-widget-container\">\n\t\t\t\t\t<div class=\"elementor-button-wrapper\">\n\t\t\t<a href=\"https:\/\/espaciocultural.ciudaddemendoza.gob.ar\/?page_id=95590\" class=\"elementor-button-link elementor-button elementor-size-xl elementor-animation-grow\" role=\"button\">\n\t\t\t\t\t\t<span class=\"elementor-button-content-wrapper\">\n\t\t\t\t\t\t<span class=\"elementor-button-text\">Solicitud de Audiencia para uso de sala<\/span>\n\t\t<\/span>\n\t\t\t\t\t<\/a>\n\t\t<\/div>\n\t\t\t\t<\/div>\n\t\t\t\t<\/div>\n\t\t\t\t\t<\/div>\n\t\t<\/div>\n\t\t\t\t\t\t\t<\/div>\n\t\t<\/section>\n\t\t\t\t<section class=\"elementor-section elementor-top-section elementor-element elementor-element-492a10b elementor-section-boxed elementor-section-height-default elementor-section-height-default\" data-id=\"492a10b\" data-element_type=\"section\" data-settings=\"{&quot;background_background&quot;:&quot;classic&quot;}\">\n\t\t\t\t\t\t<div class=\"elementor-container elementor-column-gap-default\">\n\t\t\t\t\t<div class=\"elementor-column elementor-col-100 elementor-top-column elementor-element elementor-element-314c6d6\" data-id=\"314c6d6\" data-element_type=\"column\" data-settings=\"{&quot;background_background&quot;:&quot;classic&quot;}\">\n\t\t\t<div class=\"elementor-widget-wrap elementor-element-populated\">\n\t\t\t\t\t\t\t\t<section class=\"elementor-section elementor-inner-section elementor-element elementor-element-7c62415 elementor-section-boxed elementor-section-height-default elementor-section-height-default\" data-id=\"7c62415\" data-element_type=\"section\">\n\t\t\t\t\t\t<div class=\"elementor-container elementor-column-gap-default\">\n\t\t\t\t\t<div class=\"elementor-column elementor-col-100 elementor-inner-column elementor-element elementor-element-337da8b\" data-id=\"337da8b\" data-element_type=\"column\">\n\t\t\t<div class=\"elementor-widget-wrap elementor-element-populated\">\n\t\t\t\t\t\t\t\t<div class=\"elementor-element elementor-element-843a806 animated-slow elementor-invisible elementor-widget elementor-widget-heading\" data-id=\"843a806\" data-element_type=\"widget\" data-settings=\"{&quot;_animation&quot;:&quot;fadeIn&quot;,&quot;_animation_delay&quot;:500}\" data-widget_type=\"heading.default\">\n\t\t\t\t<div class=\"elementor-widget-container\">\n\t\t\t<h2 class=\"elementor-heading-title elementor-size-default\">Sobre el Teatro<\/h2>\t\t<\/div>\n\t\t\t\t<\/div>\n\t\t\t\t<div class=\"elementor-element elementor-element-11299a9 animated-slow elementor-widget elementor-widget-heading\" data-id=\"11299a9\" data-element_type=\"widget\" data-settings=\"{&quot;_animation&quot;:&quot;none&quot;,&quot;_animation_delay&quot;:500}\" data-widget_type=\"heading.default\">\n\t\t\t\t<div class=\"elementor-widget-container\">\n\t\t\t<span class=\"elementor-heading-title elementor-size-default\">El Teatro Quintanilla hoy se presenta renovado y como parte primordial de la constelaci\u00f3n formada por el MMAMM y la Biblioteca Ricardo Tudela, dentro del ECPI Espacio Cultural Plaza Independencia; siendo una de las salas principales de Mendoza y con un objetivo claro, el de incidir en la vida social y cultural mendocina a trav\u00e9s de la poes\u00eda de la escena.<\/span>\t\t<\/div>\n\t\t\t\t<\/div>\n\t\t\t\t\t<\/div>\n\t\t<\/div>\n\t\t\t\t\t\t\t<\/div>\n\t\t<\/section>\n\t\t\t\t<section class=\"elementor-section elementor-inner-section elementor-element elementor-element-6a7bd25 divdelbotonflotante elementor-section-boxed elementor-section-height-default elementor-section-height-default\" data-id=\"6a7bd25\" data-element_type=\"section\">\n\t\t\t\t\t\t<div class=\"elementor-container elementor-column-gap-default\">\n\t\t\t\t\t<div class=\"elementor-column elementor-col-100 elementor-inner-column elementor-element elementor-element-05b50bb\" data-id=\"05b50bb\" data-element_type=\"column\">\n\t\t\t<div class=\"elementor-widget-wrap elementor-element-populated\">\n\t\t\t\t\t\t\t\t<div class=\"elementor-element elementor-element-fb50ec8 elementor-align-center botonflotante animated-slow elementor-invisible elementor-widget elementor-widget-button\" data-id=\"fb50ec8\" data-element_type=\"widget\" data-settings=\"{&quot;_animation&quot;:&quot;fadeInUp&quot;,&quot;_animation_delay&quot;:2500}\" data-widget_type=\"button.default\">\n\t\t\t\t<div class=\"elementor-widget-container\">\n\t\t\t\t\t<div class=\"elementor-button-wrapper\">\n\t\t\t<a href=\"http:\/\/espaciocultural.ciudaddemendoza.gob.ar\/?page_id=95591\" class=\"elementor-button-link elementor-button elementor-size-sm\" role=\"button\">\n\t\t\t\t\t\t<span class=\"elementor-button-content-wrapper\">\n\t\t\t\t\t\t\t<span class=\"elementor-button-icon elementor-align-icon-left\">\n\t\t\t\t<i aria-hidden=\"true\" class=\"far fa-calendar-alt\"><\/i>\t\t\t<\/span>\n\t\t\t\t\t\t<span class=\"elementor-button-text\">Ver agenda de eventos<\/span>\n\t\t<\/span>\n\t\t\t\t\t<\/a>\n\t\t<\/div>\n\t\t\t\t<\/div>\n\t\t\t\t<\/div>\n\t\t\t\t\t<\/div>\n\t\t<\/div>\n\t\t\t\t\t\t\t<\/div>\n\t\t<\/section>\n\t\t\t\t<section class=\"elementor-section elementor-inner-section elementor-element elementor-element-6e1a58d elementor-section-boxed elementor-section-height-default elementor-section-height-default\" data-id=\"6e1a58d\" data-element_type=\"section\">\n\t\t\t\t\t\t<div class=\"elementor-container elementor-column-gap-default\">\n\t\t\t\t\t<div class=\"elementor-column elementor-col-33 elementor-inner-column elementor-element elementor-element-b2c87d7\" data-id=\"b2c87d7\" data-element_type=\"column\">\n\t\t\t<div class=\"elementor-widget-wrap elementor-element-populated\">\n\t\t\t\t\t\t\t\t<div class=\"elementor-element elementor-element-0490f3e elementor-widget elementor-widget-counter\" data-id=\"0490f3e\" data-element_type=\"widget\" data-widget_type=\"counter.default\">\n\t\t\t\t<div class=\"elementor-widget-container\">\n\t\t\t\t\t<div class=\"elementor-counter\">\n\t\t\t<div class=\"elementor-counter-number-wrapper\">\n\t\t\t\t<span class=\"elementor-counter-number-prefix\"><\/span>\n\t\t\t\t<span class=\"elementor-counter-number\" data-duration=\"2000\" data-to-value=\"150\" data-from-value=\"0\" data-delimiter=\",\">0<\/span>\n\t\t\t\t<span class=\"elementor-counter-number-suffix\"><\/span>\n\t\t\t<\/div>\n\t\t\t\t\t\t\t<div class=\"elementor-counter-title\">Obras de Teatro<\/div>\n\t\t\t\t\t<\/div>\n\t\t\t\t<\/div>\n\t\t\t\t<\/div>\n\t\t\t\t<div class=\"elementor-element elementor-element-ec4fdc4 elementor-widget elementor-widget-counter\" data-id=\"ec4fdc4\" data-element_type=\"widget\" data-widget_type=\"counter.default\">\n\t\t\t\t<div class=\"elementor-widget-container\">\n\t\t\t\t\t<div class=\"elementor-counter\">\n\t\t\t<div class=\"elementor-counter-number-wrapper\">\n\t\t\t\t<span class=\"elementor-counter-number-prefix\"><\/span>\n\t\t\t\t<span class=\"elementor-counter-number\" data-duration=\"2000\" data-to-value=\"3000\" data-from-value=\"0\" data-delimiter=\",\">0<\/span>\n\t\t\t\t<span class=\"elementor-counter-number-suffix\"><\/span>\n\t\t\t<\/div>\n\t\t\t\t\t\t\t<div class=\"elementor-counter-title\">Visitantes<\/div>\n\t\t\t\t\t<\/div>\n\t\t\t\t<\/div>\n\t\t\t\t<\/div>\n\t\t\t\t<div class=\"elementor-element elementor-element-a12b1db elementor-widget elementor-widget-counter\" data-id=\"a12b1db\" data-element_type=\"widget\" data-widget_type=\"counter.default\">\n\t\t\t\t<div class=\"elementor-widget-container\">\n\t\t\t\t\t<div class=\"elementor-counter\">\n\t\t\t<div class=\"elementor-counter-number-wrapper\">\n\t\t\t\t<span class=\"elementor-counter-number-prefix\"><\/span>\n\t\t\t\t<span class=\"elementor-counter-number\" data-duration=\"2000\" data-to-value=\"40\" data-from-value=\"0\" data-delimiter=\",\">0<\/span>\n\t\t\t\t<span class=\"elementor-counter-number-suffix\"><\/span>\n\t\t\t<\/div>\n\t\t\t\t\t\t\t<div class=\"elementor-counter-title\">Elencos de M\u00fasica<\/div>\n\t\t\t\t\t<\/div>\n\t\t\t\t<\/div>\n\t\t\t\t<\/div>\n\t\t\t\t\t<\/div>\n\t\t<\/div>\n\t\t\t\t<div class=\"elementor-column elementor-col-33 elementor-inner-column elementor-element elementor-element-cd4e487\" data-id=\"cd4e487\" data-element_type=\"column\">\n\t\t\t<div class=\"elementor-widget-wrap elementor-element-populated\">\n\t\t\t\t\t\t\t\t<div class=\"elementor-element elementor-element-79f4de9 elementor-widget elementor-widget-image\" data-id=\"79f4de9\" data-element_type=\"widget\" data-widget_type=\"image.default\">\n\t\t\t\t<div class=\"elementor-widget-container\">\n\t\t\t\t\t\t\t\t\t\t\t\t\t\t\t<img decoding=\"async\" src=\"https:\/\/espaciocultural.ciudaddemendoza.gob.ar\/wp-content\/uploads\/2021\/07\/mimo.png\" title=\"mimo\" alt=\"mimo\" loading=\"lazy\" \/>\t\t\t\t\t\t\t\t\t\t\t\t\t\t\t<\/div>\n\t\t\t\t<\/div>\n\t\t\t\t\t<\/div>\n\t\t<\/div>\n\t\t\t\t<div class=\"elementor-column elementor-col-33 elementor-inner-column elementor-element elementor-element-dbccebf\" data-id=\"dbccebf\" data-element_type=\"column\">\n\t\t\t<div class=\"elementor-widget-wrap elementor-element-populated\">\n\t\t\t\t\t\t\t\t<div class=\"elementor-element elementor-element-1c23831 animated-slow elementor-invisible elementor-widget elementor-widget-heading\" data-id=\"1c23831\" data-element_type=\"widget\" data-settings=\"{&quot;_animation&quot;:&quot;fadeIn&quot;,&quot;_animation_delay&quot;:500}\" data-widget_type=\"heading.default\">\n\t\t\t\t<div class=\"elementor-widget-container\">\n\t\t\t<h2 class=\"elementor-heading-title elementor-size-default\">Visi\u00f3n\/Misi\u00f3n<\/h2>\t\t<\/div>\n\t\t\t\t<\/div>\n\t\t\t\t<div class=\"elementor-element elementor-element-19adade animated-slow elementor-widget elementor-widget-heading\" data-id=\"19adade\" data-element_type=\"widget\" data-settings=\"{&quot;_animation&quot;:&quot;none&quot;,&quot;_animation_delay&quot;:500}\" data-widget_type=\"heading.default\">\n\t\t\t\t<div class=\"elementor-widget-container\">\n\t\t\t<span class=\"elementor-heading-title elementor-size-default\">Desde el Teatro Quintanilla deseamos poner en valor la tradici\u00f3n hist\u00f3rica en las artes esc\u00e9nicas mendocinas, privilegiando el capital humano de nuestros artistas y asegurando el desarrollo de sus potencialidades. Queremos fomentar un crecimiento cultural a trav\u00e9s de un teatro ordenado, seguro, inclusivo, sostenible y solidario. Buscamos impulsar los valores de participaci\u00f3n responsable, tanto en la actividad particular como en la sociedad toda. Es nuestra misi\u00f3n aportar a la comunidad un espacio digno, acompa\u00f1ado de herramientas pr\u00e1cticas y te\u00f3ricas de investigaci\u00f3n de las artes esc\u00e9nicas. Asegurar la difusi\u00f3n de la producci\u00f3n local, otorgando a la misma un lugar significativo en la programaci\u00f3n. Establecer estrategias de creaci\u00f3n y fidelizaci\u00f3n de los distintos p\u00fablicos, con el fin de acercar las artes esc\u00e9nicas a toda la comunidad. Y fomentar el desarrollo del pensamiento cr\u00edtico y la capacidad creativa, mediante una sostenida actitud abierta, basada en principios de empat\u00eda, respeto, conciencia y di\u00e1logo.<\/span>\t\t<\/div>\n\t\t\t\t<\/div>\n\t\t\t\t\t<\/div>\n\t\t<\/div>\n\t\t\t\t\t\t\t<\/div>\n\t\t<\/section>\n\t\t\t\t<section class=\"elementor-section elementor-inner-section elementor-element elementor-element-e856a4f elementor-section-boxed elementor-section-height-default elementor-section-height-default\" data-id=\"e856a4f\" data-element_type=\"section\">\n\t\t\t\t\t\t<div class=\"elementor-container elementor-column-gap-default\">\n\t\t\t\t\t<div class=\"elementor-column elementor-col-100 elementor-inner-column elementor-element elementor-element-e439538 raven-column-flex-horizontal\" data-id=\"e439538\" data-element_type=\"column\">\n\t\t\t<div class=\"elementor-widget-wrap elementor-element-populated\">\n\t\t\t\t\t\t\t\t<div class=\"elementor-element elementor-element-5338b4b elementor-widget elementor-widget-html\" data-id=\"5338b4b\" data-element_type=\"widget\" data-widget_type=\"html.default\">\n\t\t\t\t<div class=\"elementor-widget-container\">\n\t\t\t<h1>Historia<\/h1>\r\n<div class=\"vtl\">\r\n  <div class=\"event\">\r\n    <strong class=\"edate\">Nacimiento<\/strong>\r\n    <p align=justify  class=\"etxt\">El 23 de diciembre de 1968, nace como Miniteatro Municipal Mendoza seg\u00fan consta en el Decreto Municipal N\u00ba 719\/68. Luego de transitar por otra denominaci\u00f3n, a partir del 3 de julio de 1973 pasa a llamarse formalmente como se lo conoce en la actualidad. De ese modo se afianza en la escena art\u00edstica y tambi\u00e9n constituye una verdadera reivindicaci\u00f3n al poeta, escritor y periodista Julio Genaro Quintanilla, al celebrar su nombre. Quintanilla, quien es recordado tambi\u00e9n como patriota y enamorado de su terru\u00f1o, cuyos poemas y letras reflejan su virtuosismo para comunicarse con el pueblo, con gran fluidez de expresi\u00f3n de sus ideas.\r\n\r\n<\/p>\r\n  <\/div>\r\n  <div class=\"event\">\r\n    <strong class=\"edate\">Primeros a\u00f1os<\/strong>\r\n    <p align=justify class=\"etxt\">De los primeros a\u00f1os del Teatro, todav\u00eda se recuerda en su escenario: \u201cLos d\u00edas de Juli\u00e1n Bisbal\u201d, obra de Roberto Cossa, con interpretaci\u00f3n a cargo del grupo cordob\u00e9s \u201cEl Juglar\u201d, Direcci\u00f3n de Crist\u00f3bal Arnold y con un elenco integrado por Mari\u00fa Carreras, Gladys Ravalle, Rodolfo Ricolfe, Roberto Torres, Claudia Zani y Marcelo Urquidi. Tambi\u00e9n el sonido del emblem\u00e1tico conjunto de Jazz mendocino denominado \u201cNueva Orleans Jazz Band\u201d, grupo integrado por Juan Marcos Cobo, Sandro Cirillo, Julio Rold\u00e1n y Juan Orozco, como as\u00ed tambi\u00e9n la Escuela Municipal de Danzas y Ballet Folkl\u00f3rico de la Ciudad con una serie de clases p\u00fablicas de danza, donde se presentaron alumnos de los distintos niveles de ballet cl\u00e1sico y ballet folkl\u00f3rico. Imposible olvidar numerosas vendimias en las terrazas del espacio.\r\n<\/p>\r\n  <\/div>\r\n  <div class=\"event\">\r\n    <strong class=\"edate\">Actualidad<\/strong>\r\n    <p align=justify  class=\"etxt\"> A partir del a\u00f1o 1997, es sede del Festival de Estrenos de Teatro, la Comedia Municipal Crist\u00f3bal Arnold, la Fiesta Provincial del Teatro, el Festival Internacional de Teatro Al Pie del Aconcagua, as\u00ed como de diversos ciclos de m\u00fasica y danza. Tambi\u00e9n de bell\u00edsimas propuestas art\u00edsticas de m\u00fasica, teatro, t\u00edteres, talleres, encuentros, danza y espect\u00e1culos multimedi\u00e1ticos, en todos los g\u00e9neros. Con este pasado, su presente lo constituye tambi\u00e9n un lugar de investigaci\u00f3n esc\u00e9nica desde donde se busca apoyar a los j\u00f3venes talentos del teatro mendocino con la mirada en los valores de inclusi\u00f3n y respeto.\r\n\r\n<\/p>\r\n  <\/div>\r\n<\/div>\r\n\r\n\r\n<style>\r\n\/* (A) \"SET\" THE TIMELINE CONTAINER *\/\r\n.vtl {\r\n  \/* (A1) RELATIVE POSITION NECESSARY TO PROPERLY POSITION TIMELINE LATER *\/\r\n  position: relative;\r\n  \/* (A2) RESERVE MORE SPACE TO THE LEFT FOR THE TIMELINE *\/\r\n  padding: 10px 10px 10px 50px;\r\n  \/* (A3) OPTIONAL WIDTH RESTRICTION *\/\r\n  max-width: 1000px;\r\n}\r\n\r\n\/* (B) DRAW TIMELINE USING ::BEFORE *\/\r\n.vtl::before {\r\n  \/* (B1) DRAW THE TIMELINE *\/\r\n  content: '';\r\n  width: 5px;\r\n  background-color: #FF8249;\r\n  \/* (B2) POSITION IT TO THE LEFT *\/\r\n  position: absolute;\r\n  top: 0;\r\n  bottom: 0;\r\n  left: 15px;\r\n}\r\n\r\n\/* (C) STYLES FOR THE EVENTS *\/\r\ndiv.event {\r\n  padding: 20px 30px;\r\n  background-color: #e8e8e8;\r\n  position: relative;\r\n  border-radius: 6px;\r\n  margin-bottom: 10px;\r\n}\r\n\r\n\/* (D) STYLES FOR THE DATE & TEXT *\/\r\nstrong.edate {\r\n  font-size: 1.1em;\r\n  font-weight: bold;\r\n  color: #FF8249;\r\n}\r\np.etxt {\r\n  margin: 10px 0 0 0;\r\n  color: #222;\r\n}\r\n\r\n\/* (E) ADD \"SPEECH BUBBLE TRIANGLE\" TO THE EVENTS *\/\r\ndiv.event::before {\r\n  content: '';\r\n  border: 10px solid transparent;\r\n  border-right-color: #FF8249;\r\n  border-left: 0;\r\n  position: absolute;\r\n  top: 20%;\r\n  left: -10px;\r\n}\r\n\r\n\/* (F) ADD A CIRCLE ON THE TIMELINE TO INDICATE AN EVENT *\/\r\ndiv.event::after {\r\n  content: '';\r\n  background: #fff;\r\n  border: 4px solid #FF8249;\r\n  width: 16px;\r\n  height: 16px;\r\n  border-radius: 50%;\r\n  position: absolute;\r\n  top: 20%;\r\n  left: -44px;\r\n}\r\n<\/style>\t\t<\/div>\n\t\t\t\t<\/div>\n\t\t\t\t\t<\/div>\n\t\t<\/div>\n\t\t\t\t\t\t\t<\/div>\n\t\t<\/section>\n\t\t\t\t<div class=\"elementor-element elementor-element-4928eac elementor-widget elementor-widget-html\" data-id=\"4928eac\" data-element_type=\"widget\" data-widget_type=\"html.default\">\n\t\t\t\t<div class=\"elementor-widget-container\">\n\t\t\t<style>.jupiterx-main-content {\r\n    padding: 0px;\r\n}\r\ndiv#jupiterx-primary {\r\n    padding: 0px;\r\n}\r\n.container-fluid {\r\n    padding: 0px;\r\n}\r\narticle#\\39 {\r\n    margin-top: -15px;\r\n}\r\n\r\n#\\32 55 > div > div > div > div > section.elementor-section.elementor-top-section.elementor-element.elementor-element-1ff3470b.animated-slow.elementor-section-full_width.elementor-section-height-default.elementor-section-height-default.animated.fadeIn > div > div > div {\r\n    padding: 0px;\r\n}\r\n<\/style>\t\t<\/div>\n\t\t\t\t<\/div>\n\t\t\t\t\t<\/div>\n\t\t<\/div>\n\t\t\t\t\t\t\t<\/div>\n\t\t<\/section>\n\t\t\t\t<section class=\"elementor-section elementor-top-section elementor-element elementor-element-4634781 elementor-section-height-min-height animated-slow elementor-section-items-top elementor-section-content-top elementor-section-boxed elementor-section-height-default elementor-invisible\" data-id=\"4634781\" data-element_type=\"section\" data-settings=\"{&quot;background_background&quot;:&quot;classic&quot;,&quot;animation&quot;:&quot;fadeIn&quot;}\">\n\t\t\t\t\t\t<div class=\"elementor-container elementor-column-gap-default\">\n\t\t\t\t\t<div class=\"elementor-column elementor-col-50 elementor-top-column elementor-element elementor-element-b5e20fe\" data-id=\"b5e20fe\" data-element_type=\"column\">\n\t\t\t<div class=\"elementor-widget-wrap elementor-element-populated\">\n\t\t\t\t\t\t\t\t<div class=\"elementor-element elementor-element-c08ece6 animated-slow elementor-invisible elementor-widget elementor-widget-heading\" data-id=\"c08ece6\" data-element_type=\"widget\" data-settings=\"{&quot;_animation&quot;:&quot;fadeIn&quot;,&quot;_animation_delay&quot;:500}\" data-widget_type=\"heading.default\">\n\t\t\t\t<div class=\"elementor-widget-container\">\n\t\t\t<span class=\"elementor-heading-title elementor-size-small\">Teatro Municipal Julio Quintanilla<\/span>\t\t<\/div>\n\t\t\t\t<\/div>\n\t\t\t\t<div class=\"elementor-element elementor-element-386a149 animated-slow elementor-invisible elementor-widget elementor-widget-heading\" data-id=\"386a149\" data-element_type=\"widget\" data-settings=\"{&quot;_animation&quot;:&quot;fadeIn&quot;,&quot;_animation_delay&quot;:500}\" data-widget_type=\"heading.default\">\n\t\t\t\t<div class=\"elementor-widget-container\">\n\t\t\t<h2 class=\"elementor-heading-title elementor-size-default\">Objetivos<\/h2>\t\t<\/div>\n\t\t\t\t<\/div>\n\t\t\t\t\t<\/div>\n\t\t<\/div>\n\t\t\t\t<div class=\"elementor-column elementor-col-50 elementor-top-column elementor-element elementor-element-099febe\" data-id=\"099febe\" data-element_type=\"column\">\n\t\t\t<div class=\"elementor-widget-wrap elementor-element-populated\">\n\t\t\t\t\t\t\t\t<div class=\"elementor-element elementor-element-3e9c981 elementor-icon-list--layout-traditional elementor-list-item-link-full_width elementor-widget elementor-widget-icon-list\" data-id=\"3e9c981\" data-element_type=\"widget\" data-widget_type=\"icon-list.default\">\n\t\t\t\t<div class=\"elementor-widget-container\">\n\t\t\t\t\t<ul class=\"elementor-icon-list-items\">\n\t\t\t\t\t\t\t<li class=\"elementor-icon-list-item\">\n\t\t\t\t\t\t\t\t\t\t\t<span class=\"elementor-icon-list-icon\">\n\t\t\t\t\t\t\t<i aria-hidden=\"true\" class=\"fas fa-check\"><\/i>\t\t\t\t\t\t<\/span>\n\t\t\t\t\t\t\t\t\t\t<span class=\"elementor-icon-list-text\">Elaborar la programaci\u00f3n art\u00edstica poniendo en valor el teatro mendocino en una amplia y variada agenda<\/span>\n\t\t\t\t\t\t\t\t\t<\/li>\n\t\t\t\t\t\t\t\t<li class=\"elementor-icon-list-item\">\n\t\t\t\t\t\t\t\t\t\t\t<span class=\"elementor-icon-list-icon\">\n\t\t\t\t\t\t\t<i aria-hidden=\"true\" class=\"fas fa-check\"><\/i>\t\t\t\t\t\t<\/span>\n\t\t\t\t\t\t\t\t\t\t<span class=\"elementor-icon-list-text\">Asegurar la construcci\u00f3n de un espacio abierto a la participaci\u00f3n de los distintos sujetos vinculados con la actividad teatral.<\/span>\n\t\t\t\t\t\t\t\t\t<\/li>\n\t\t\t\t\t\t\t\t<li class=\"elementor-icon-list-item\">\n\t\t\t\t\t\t\t\t\t\t\t<span class=\"elementor-icon-list-icon\">\n\t\t\t\t\t\t\t<i aria-hidden=\"true\" class=\"fas fa-check\"><\/i>\t\t\t\t\t\t<\/span>\n\t\t\t\t\t\t\t\t\t\t<span class=\"elementor-icon-list-text\">Acercar a la comunidad las propuestas teatrales que, en forma actual, cuenten con el reconocimiento especializado a nivel nacional y\/o internacional.<\/span>\n\t\t\t\t\t\t\t\t\t<\/li>\n\t\t\t\t\t\t\t\t<li class=\"elementor-icon-list-item\">\n\t\t\t\t\t\t\t\t\t\t\t<span class=\"elementor-icon-list-icon\">\n\t\t\t\t\t\t\t<i aria-hidden=\"true\" class=\"fas fa-check\"><\/i>\t\t\t\t\t\t<\/span>\n\t\t\t\t\t\t\t\t\t\t<span class=\"elementor-icon-list-text\">Promover la literatura de Mendoza y Universal. Impulsar aquellas propuestas que aseguren miradas de inclusi\u00f3n e innovaci\u00f3n desde\nlo art\u00edstico y con impacto social. <\/span>\n\t\t\t\t\t\t\t\t\t<\/li>\n\t\t\t\t\t\t\t\t<li class=\"elementor-icon-list-item\">\n\t\t\t\t\t\t\t\t\t\t\t<span class=\"elementor-icon-list-icon\">\n\t\t\t\t\t\t\t<i aria-hidden=\"true\" class=\"fas fa-check\"><\/i>\t\t\t\t\t\t<\/span>\n\t\t\t\t\t\t\t\t\t\t<span class=\"elementor-icon-list-text\">Garantizar la sostenibilidad, la transparencia, la eficiencia y la calidad de la gesti\u00f3n.<\/span>\n\t\t\t\t\t\t\t\t\t<\/li>\n\t\t\t\t\t\t<\/ul>\n\t\t\t\t<\/div>\n\t\t\t\t<\/div>\n\t\t\t\t\t<\/div>\n\t\t<\/div>\n\t\t\t\t\t\t\t<\/div>\n\t\t<\/section>\n\t\t\t\t<section class=\"elementor-section elementor-top-section elementor-element elementor-element-422c2cc elementor-section-boxed elementor-section-height-default elementor-section-height-default\" data-id=\"422c2cc\" data-element_type=\"section\" data-settings=\"{&quot;background_background&quot;:&quot;classic&quot;}\">\n\t\t\t\t\t\t<div class=\"elementor-container elementor-column-gap-default\">\n\t\t\t\t\t<div class=\"elementor-column elementor-col-100 elementor-top-column elementor-element elementor-element-5a6da11\" data-id=\"5a6da11\" data-element_type=\"column\" data-settings=\"{&quot;background_background&quot;:&quot;classic&quot;}\">\n\t\t\t<div class=\"elementor-widget-wrap elementor-element-populated\">\n\t\t\t\t\t\t\t\t<section class=\"elementor-section elementor-inner-section elementor-element elementor-element-6105aaf elementor-section-boxed elementor-section-height-default elementor-section-height-default\" data-id=\"6105aaf\" data-element_type=\"section\">\n\t\t\t\t\t\t<div class=\"elementor-container elementor-column-gap-default\">\n\t\t\t\t\t<div class=\"elementor-column elementor-col-100 elementor-inner-column elementor-element elementor-element-984e874\" data-id=\"984e874\" data-element_type=\"column\">\n\t\t\t<div class=\"elementor-widget-wrap elementor-element-populated\">\n\t\t\t\t\t\t\t\t<div class=\"elementor-element elementor-element-f161761 animated-slow elementor-invisible elementor-widget elementor-widget-heading\" data-id=\"f161761\" data-element_type=\"widget\" data-settings=\"{&quot;_animation&quot;:&quot;fadeIn&quot;,&quot;_animation_delay&quot;:500}\" data-widget_type=\"heading.default\">\n\t\t\t\t<div class=\"elementor-widget-container\">\n\t\t\t<h2 class=\"elementor-heading-title elementor-size-default\">Noticias<\/h2>\t\t<\/div>\n\t\t\t\t<\/div>\n\t\t\t\t\t<\/div>\n\t\t<\/div>\n\t\t\t\t\t\t\t<\/div>\n\t\t<\/section>\n\t\t\t\t<div class=\"elementor-element elementor-element-53a7a27 elementor-widget elementor-widget-raven-posts-carousel\" data-id=\"53a7a27\" data-element_type=\"widget\" data-settings=\"{&quot;classic_slides_view&quot;:&quot;4&quot;,&quot;_skin&quot;:&quot;classic&quot;,&quot;query_posts_per_page&quot;:10,&quot;classic_slides_view_tablet&quot;:&quot;2&quot;,&quot;classic_slides_view_mobile&quot;:&quot;1&quot;,&quot;classic_slides_scroll&quot;:&quot;1&quot;,&quot;classic_slides_scroll_tablet&quot;:&quot;1&quot;,&quot;classic_slides_scroll_mobile&quot;:&quot;1&quot;,&quot;classic_transition_speed&quot;:500,&quot;classic_enable_infinite_loop&quot;:&quot;yes&quot;,&quot;classic_show_arrows&quot;:&quot;yes&quot;,&quot;query_offset&quot;:0,&quot;classic_columns_space_between&quot;:{&quot;unit&quot;:&quot;px&quot;,&quot;size&quot;:30,&quot;sizes&quot;:[]},&quot;classic_columns_space_between_tablet&quot;:{&quot;unit&quot;:&quot;px&quot;,&quot;size&quot;:20,&quot;sizes&quot;:[]},&quot;classic_columns_space_between_mobile&quot;:{&quot;unit&quot;:&quot;px&quot;,&quot;size&quot;:10,&quot;sizes&quot;:[]}}\" data-widget_type=\"raven-posts-carousel.classic\">\n\t\t\t\t<div class=\"elementor-widget-container\">\n\t\t\t\t\t<div class=\"raven-posts-carousel raven-swiper-slider\">\n\t\t\t<div class=\"raven-posts-carousel-swiper-container swiper-container\">\n\t\t\t\t<div class=\"swiper-wrapper swiper-columns-4\" data-swiper='{&quot;rtl&quot;:false}'>\n\t\t\n\t\t<div class=\"swiper-slide\">\n\t\t\t<div class=\"raven-post-wrapper\">\n\t\t\t\t<div class=\"raven-post\">\n\t\t\t\t\t\t\t<div class=\"raven-post-image-wrap\">\n\t\t\t<a class=\"raven-post-image raven-image-fit\"  href=https:\/\/espaciocultural.ciudaddemendoza.gob.ar\/?p=97630><img loading=\"lazy\" decoding=\"async\" width=\"1024\" height=\"576\" src=\"https:\/\/espaciocultural.ciudaddemendoza.gob.ar\/wp-content\/uploads\/2022\/09\/mmamm-1024x576.jpg\" class=\"attachment-large size-large wp-image-97631\" alt=\"\" srcset=\"https:\/\/espaciocultural.ciudaddemendoza.gob.ar\/wp-content\/uploads\/2022\/09\/mmamm-1024x576.jpg 1024w, https:\/\/espaciocultural.ciudaddemendoza.gob.ar\/wp-content\/uploads\/2022\/09\/mmamm-300x169.jpg 300w, https:\/\/espaciocultural.ciudaddemendoza.gob.ar\/wp-content\/uploads\/2022\/09\/mmamm-768x432.jpg 768w, https:\/\/espaciocultural.ciudaddemendoza.gob.ar\/wp-content\/uploads\/2022\/09\/mmamm-1536x864.jpg 1536w, https:\/\/espaciocultural.ciudaddemendoza.gob.ar\/wp-content\/uploads\/2022\/09\/mmamm-2048x1152.jpg 2048w, https:\/\/espaciocultural.ciudaddemendoza.gob.ar\/wp-content\/uploads\/2022\/09\/mmamm-24x13.jpg 24w, https:\/\/espaciocultural.ciudaddemendoza.gob.ar\/wp-content\/uploads\/2022\/09\/mmamm-36x20.jpg 36w, https:\/\/espaciocultural.ciudaddemendoza.gob.ar\/wp-content\/uploads\/2022\/09\/mmamm-48x27.jpg 48w\" sizes=\"auto, (max-width: 1024px) 100vw, 1024px\" \/> <span class=\"raven-post-image-overlay\"><\/span><\/a>\t\t<\/div>\n\t\t\n\t\t\t\t\t<div class=\"raven-post-content\">\n\t\t\t\t\t\t<div class=\"raven-post-title\"><a class=\"raven-post-title-link\" href=\"https:\/\/espaciocultural.ciudaddemendoza.gob.ar\/?p=97630\">No te pierdas tres experiencias fant\u00e1sticas en el MMAMM<\/a><\/div>\t\t<div class=\"raven-post-meta\"><a class=\"raven-post-meta-item raven-post-date\" href=\"https:\/\/espaciocultural.ciudaddemendoza.gob.ar\/?m=202209\" rel=\"bookmark\">septiembre 5, 2022<\/a><\/div>\n\t\t\t\t<div class=\"raven-post-excerpt\">En el marco de la presentaci\u00f3n \u201cLa transformaci\u00f3n de la materia\u201d se realizar\u00e1n tres singulares actividades los d\u00edas 8, 15 y 22 de septiembre. La entrada es libre y gratuita,<\/div>\n\t\t\t\t\t\t\t<\/div>\n\t\t\t\t<\/div>\n\t\t\t<\/div>\n\t\t<\/div>\n\t\t\n\t\t<div class=\"swiper-slide\">\n\t\t\t<div class=\"raven-post-wrapper\">\n\t\t\t\t<div class=\"raven-post\">\n\t\t\t\t\t\t\t<div class=\"raven-post-image-wrap\">\n\t\t\t<a class=\"raven-post-image raven-image-fit\"  href=https:\/\/espaciocultural.ciudaddemendoza.gob.ar\/?p=97627><img loading=\"lazy\" decoding=\"async\" width=\"992\" height=\"661\" src=\"https:\/\/espaciocultural.ciudaddemendoza.gob.ar\/wp-content\/uploads\/2022\/09\/biblioteca.jpg\" class=\"attachment-large size-large wp-image-97628\" alt=\"\" srcset=\"https:\/\/espaciocultural.ciudaddemendoza.gob.ar\/wp-content\/uploads\/2022\/09\/biblioteca.jpg 992w, https:\/\/espaciocultural.ciudaddemendoza.gob.ar\/wp-content\/uploads\/2022\/09\/biblioteca-300x200.jpg 300w, https:\/\/espaciocultural.ciudaddemendoza.gob.ar\/wp-content\/uploads\/2022\/09\/biblioteca-768x512.jpg 768w, https:\/\/espaciocultural.ciudaddemendoza.gob.ar\/wp-content\/uploads\/2022\/09\/biblioteca-391x260.jpg 391w, https:\/\/espaciocultural.ciudaddemendoza.gob.ar\/wp-content\/uploads\/2022\/09\/biblioteca-24x16.jpg 24w, https:\/\/espaciocultural.ciudaddemendoza.gob.ar\/wp-content\/uploads\/2022\/09\/biblioteca-36x24.jpg 36w, https:\/\/espaciocultural.ciudaddemendoza.gob.ar\/wp-content\/uploads\/2022\/09\/biblioteca-48x32.jpg 48w\" sizes=\"auto, (max-width: 992px) 100vw, 992px\" \/> <span class=\"raven-post-image-overlay\"><\/span><\/a>\t\t<\/div>\n\t\t\n\t\t\t\t\t<div class=\"raven-post-content\">\n\t\t\t\t\t\t<div class=\"raven-post-title\"><a class=\"raven-post-title-link\" href=\"https:\/\/espaciocultural.ciudaddemendoza.gob.ar\/?p=97627\">Se realizar\u00e1 el taller literario \u201cRecuerdos en Papel\u201d en la biblioteca Ricardo Tudela<\/a><\/div>\t\t<div class=\"raven-post-meta\"><a class=\"raven-post-meta-item raven-post-date\" href=\"https:\/\/espaciocultural.ciudaddemendoza.gob.ar\/?m=202209\" rel=\"bookmark\">septiembre 5, 2022<\/a><\/div>\n\t\t\t\t<div class=\"raven-post-excerpt\">La escritora Norma Beatriz L\u00f3pez Su\u00e1rez capacitar\u00e1 en temas literarios a todo aquel interesado que quiera acercarse a la biblioteca ubicada en el&nbsp;Espacio Cultural Plaza Independencia. Ser\u00e1 el 9 de<\/div>\n\t\t\t\t\t\t\t<\/div>\n\t\t\t\t<\/div>\n\t\t\t<\/div>\n\t\t<\/div>\n\t\t\n\t\t<div class=\"swiper-slide\">\n\t\t\t<div class=\"raven-post-wrapper\">\n\t\t\t\t<div class=\"raven-post\">\n\t\t\t\t\t\t\t<div class=\"raven-post-image-wrap\">\n\t\t\t<a class=\"raven-post-image raven-image-fit\"  href=https:\/\/espaciocultural.ciudaddemendoza.gob.ar\/?p=97624><img loading=\"lazy\" decoding=\"async\" width=\"1024\" height=\"576\" src=\"https:\/\/espaciocultural.ciudaddemendoza.gob.ar\/wp-content\/uploads\/2022\/09\/valija-restauro-1024x576.jpg\" class=\"attachment-large size-large wp-image-97625\" alt=\"\" srcset=\"https:\/\/espaciocultural.ciudaddemendoza.gob.ar\/wp-content\/uploads\/2022\/09\/valija-restauro-1024x576.jpg 1024w, https:\/\/espaciocultural.ciudaddemendoza.gob.ar\/wp-content\/uploads\/2022\/09\/valija-restauro-300x169.jpg 300w, https:\/\/espaciocultural.ciudaddemendoza.gob.ar\/wp-content\/uploads\/2022\/09\/valija-restauro-768x432.jpg 768w, https:\/\/espaciocultural.ciudaddemendoza.gob.ar\/wp-content\/uploads\/2022\/09\/valija-restauro-1536x864.jpg 1536w, https:\/\/espaciocultural.ciudaddemendoza.gob.ar\/wp-content\/uploads\/2022\/09\/valija-restauro-24x14.jpg 24w, https:\/\/espaciocultural.ciudaddemendoza.gob.ar\/wp-content\/uploads\/2022\/09\/valija-restauro-36x20.jpg 36w, https:\/\/espaciocultural.ciudaddemendoza.gob.ar\/wp-content\/uploads\/2022\/09\/valija-restauro-48x27.jpg 48w, https:\/\/espaciocultural.ciudaddemendoza.gob.ar\/wp-content\/uploads\/2022\/09\/valija-restauro.jpg 1920w\" sizes=\"auto, (max-width: 1024px) 100vw, 1024px\" \/> <span class=\"raven-post-image-overlay\"><\/span><\/a>\t\t<\/div>\n\t\t\n\t\t\t\t\t<div class=\"raven-post-content\">\n\t\t\t\t\t\t<div class=\"raven-post-title\"><a class=\"raven-post-title-link\" href=\"https:\/\/espaciocultural.ciudaddemendoza.gob.ar\/?p=97624\">En septiembre, los chicos podr\u00e1n sumarse al programa \u00abValija de Restauro\u00bb en el MMAMM<\/a><\/div>\t\t<div class=\"raven-post-meta\"><a class=\"raven-post-meta-item raven-post-date\" href=\"https:\/\/espaciocultural.ciudaddemendoza.gob.ar\/?m=202209\" rel=\"bookmark\">septiembre 5, 2022<\/a><\/div>\n\t\t\t\t<div class=\"raven-post-excerpt\">A partir del noveno mes del a\u00f1o, los ni\u00f1os y ni\u00f1as de 6 a\u00f1os en adelante podr\u00e1n aprender t\u00e9cnicas de conservaci\u00f3n y restauro de piezas de arte. La actividad es<\/div>\n\t\t\t\t\t\t\t<\/div>\n\t\t\t\t<\/div>\n\t\t\t<\/div>\n\t\t<\/div>\n\t\t\n\t\t<div class=\"swiper-slide\">\n\t\t\t<div class=\"raven-post-wrapper\">\n\t\t\t\t<div class=\"raven-post\">\n\t\t\t\t\t\t\t<div class=\"raven-post-image-wrap\">\n\t\t\t<a class=\"raven-post-image raven-image-fit\"  href=https:\/\/espaciocultural.ciudaddemendoza.gob.ar\/?p=97621><img loading=\"lazy\" decoding=\"async\" width=\"1024\" height=\"660\" src=\"https:\/\/espaciocultural.ciudaddemendoza.gob.ar\/wp-content\/uploads\/2022\/09\/Danza-1024x660.jpg\" class=\"attachment-large size-large wp-image-97622\" alt=\"\" srcset=\"https:\/\/espaciocultural.ciudaddemendoza.gob.ar\/wp-content\/uploads\/2022\/09\/Danza-1024x660.jpg 1024w, https:\/\/espaciocultural.ciudaddemendoza.gob.ar\/wp-content\/uploads\/2022\/09\/Danza-300x193.jpg 300w, https:\/\/espaciocultural.ciudaddemendoza.gob.ar\/wp-content\/uploads\/2022\/09\/Danza-768x495.jpg 768w, https:\/\/espaciocultural.ciudaddemendoza.gob.ar\/wp-content\/uploads\/2022\/09\/Danza-1536x990.jpg 1536w, https:\/\/espaciocultural.ciudaddemendoza.gob.ar\/wp-content\/uploads\/2022\/09\/Danza-2048x1320.jpg 2048w, https:\/\/espaciocultural.ciudaddemendoza.gob.ar\/wp-content\/uploads\/2022\/09\/Danza-24x15.jpg 24w, https:\/\/espaciocultural.ciudaddemendoza.gob.ar\/wp-content\/uploads\/2022\/09\/Danza-36x23.jpg 36w, https:\/\/espaciocultural.ciudaddemendoza.gob.ar\/wp-content\/uploads\/2022\/09\/Danza-48x31.jpg 48w\" sizes=\"auto, (max-width: 1024px) 100vw, 1024px\" \/> <span class=\"raven-post-image-overlay\"><\/span><\/a>\t\t<\/div>\n\t\t\n\t\t\t\t\t<div class=\"raven-post-content\">\n\t\t\t\t\t\t<div class=\"raven-post-title\"><a class=\"raven-post-title-link\" href=\"https:\/\/espaciocultural.ciudaddemendoza.gob.ar\/?p=97621\">Danza y teatro local en el Quintanilla<\/a><\/div>\t\t<div class=\"raven-post-meta\"><a class=\"raven-post-meta-item raven-post-date\" href=\"https:\/\/espaciocultural.ciudaddemendoza.gob.ar\/?m=202209\" rel=\"bookmark\">septiembre 1, 2022<\/a><\/div>\n\t\t\t\t<div class=\"raven-post-excerpt\">La sala ubicada en el Espacio Cultural Plaza Independencia (ECPI) tendr\u00e1 funciones viernes, s\u00e1bado y domingo. El espacio cultural compuesto por el Museo Municipal de Arte Moderno (MMAMM), el&nbsp;Teatro Municipal<\/div>\n\t\t\t\t\t\t\t<\/div>\n\t\t\t\t<\/div>\n\t\t\t<\/div>\n\t\t<\/div>\n\t\t\n\t\t<div class=\"swiper-slide\">\n\t\t\t<div class=\"raven-post-wrapper\">\n\t\t\t\t<div class=\"raven-post\">\n\t\t\t\t\t\t\t<div class=\"raven-post-image-wrap\">\n\t\t\t<a class=\"raven-post-image raven-image-fit\"  href=https:\/\/espaciocultural.ciudaddemendoza.gob.ar\/?p=97617><img loading=\"lazy\" decoding=\"async\" width=\"1024\" height=\"683\" src=\"https:\/\/espaciocultural.ciudaddemendoza.gob.ar\/wp-content\/uploads\/2022\/08\/MMAMM-1-1024x683.jpg\" class=\"attachment-large size-large wp-image-97618\" alt=\"\" srcset=\"https:\/\/espaciocultural.ciudaddemendoza.gob.ar\/wp-content\/uploads\/2022\/08\/MMAMM-1-1024x683.jpg 1024w, https:\/\/espaciocultural.ciudaddemendoza.gob.ar\/wp-content\/uploads\/2022\/08\/MMAMM-1-300x200.jpg 300w, https:\/\/espaciocultural.ciudaddemendoza.gob.ar\/wp-content\/uploads\/2022\/08\/MMAMM-1-768x512.jpg 768w, https:\/\/espaciocultural.ciudaddemendoza.gob.ar\/wp-content\/uploads\/2022\/08\/MMAMM-1-391x260.jpg 391w, https:\/\/espaciocultural.ciudaddemendoza.gob.ar\/wp-content\/uploads\/2022\/08\/MMAMM-1-1536x1024.jpg 1536w, https:\/\/espaciocultural.ciudaddemendoza.gob.ar\/wp-content\/uploads\/2022\/08\/MMAMM-1-2048x1365.jpg 2048w, https:\/\/espaciocultural.ciudaddemendoza.gob.ar\/wp-content\/uploads\/2022\/08\/MMAMM-1-24x16.jpg 24w, https:\/\/espaciocultural.ciudaddemendoza.gob.ar\/wp-content\/uploads\/2022\/08\/MMAMM-1-36x24.jpg 36w, https:\/\/espaciocultural.ciudaddemendoza.gob.ar\/wp-content\/uploads\/2022\/08\/MMAMM-1-48x32.jpg 48w\" sizes=\"auto, (max-width: 1024px) 100vw, 1024px\" \/> <span class=\"raven-post-image-overlay\"><\/span><\/a>\t\t<\/div>\n\t\t\n\t\t\t\t\t<div class=\"raven-post-content\">\n\t\t\t\t\t\t<div class=\"raven-post-title\"><a class=\"raven-post-title-link\" href=\"https:\/\/espaciocultural.ciudaddemendoza.gob.ar\/?p=97617\">El videoarte del artista Dar\u00edo Exequiel ser\u00e1 proyectado en el MMAMM<\/a><\/div>\t\t<div class=\"raven-post-meta\"><a class=\"raven-post-meta-item raven-post-date\" href=\"https:\/\/espaciocultural.ciudaddemendoza.gob.ar\/?m=202208\" rel=\"bookmark\">agosto 24, 2022<\/a><\/div>\n\t\t\t\t<div class=\"raven-post-excerpt\">En septiembre, Ciudad de Mendoza contin\u00faa poniendo en valor las artes visuales. En esta oportunidad, quienes asistan al museo podr\u00e1n indagar en la propuesta art\u00edstica de Dar\u00edo presente en la<\/div>\n\t\t\t\t\t\t\t<\/div>\n\t\t\t\t<\/div>\n\t\t\t<\/div>\n\t\t<\/div>\n\t\t\n\t\t<div class=\"swiper-slide\">\n\t\t\t<div class=\"raven-post-wrapper\">\n\t\t\t\t<div class=\"raven-post\">\n\t\t\t\t\t\t\t<div class=\"raven-post-image-wrap\">\n\t\t\t<a class=\"raven-post-image raven-image-fit\"  href=https:\/\/espaciocultural.ciudaddemendoza.gob.ar\/?p=97607><img loading=\"lazy\" decoding=\"async\" width=\"1024\" height=\"683\" src=\"https:\/\/espaciocultural.ciudaddemendoza.gob.ar\/wp-content\/uploads\/2022\/08\/1-1-1024x683.jpg\" class=\"attachment-large size-large wp-image-97615\" alt=\"\" srcset=\"https:\/\/espaciocultural.ciudaddemendoza.gob.ar\/wp-content\/uploads\/2022\/08\/1-1-1024x683.jpg 1024w, https:\/\/espaciocultural.ciudaddemendoza.gob.ar\/wp-content\/uploads\/2022\/08\/1-1-300x200.jpg 300w, https:\/\/espaciocultural.ciudaddemendoza.gob.ar\/wp-content\/uploads\/2022\/08\/1-1-768x512.jpg 768w, https:\/\/espaciocultural.ciudaddemendoza.gob.ar\/wp-content\/uploads\/2022\/08\/1-1-391x260.jpg 391w, https:\/\/espaciocultural.ciudaddemendoza.gob.ar\/wp-content\/uploads\/2022\/08\/1-1-1536x1024.jpg 1536w, https:\/\/espaciocultural.ciudaddemendoza.gob.ar\/wp-content\/uploads\/2022\/08\/1-1-2048x1365.jpg 2048w, https:\/\/espaciocultural.ciudaddemendoza.gob.ar\/wp-content\/uploads\/2022\/08\/1-1-24x16.jpg 24w, https:\/\/espaciocultural.ciudaddemendoza.gob.ar\/wp-content\/uploads\/2022\/08\/1-1-36x24.jpg 36w, https:\/\/espaciocultural.ciudaddemendoza.gob.ar\/wp-content\/uploads\/2022\/08\/1-1-48x32.jpg 48w\" sizes=\"auto, (max-width: 1024px) 100vw, 1024px\" \/> <span class=\"raven-post-image-overlay\"><\/span><\/a>\t\t<\/div>\n\t\t\n\t\t\t\t\t<div class=\"raven-post-content\">\n\t\t\t\t\t\t<div class=\"raven-post-title\"><a class=\"raven-post-title-link\" href=\"https:\/\/espaciocultural.ciudaddemendoza.gob.ar\/?p=97607\">\u201cLa vida secreta de las im\u00e1genes\u201d ya se puede descubrir en el Anexo del MMAMM<\/a><\/div>\t\t<div class=\"raven-post-meta\"><a class=\"raven-post-meta-item raven-post-date\" href=\"https:\/\/espaciocultural.ciudaddemendoza.gob.ar\/?m=202208\" rel=\"bookmark\">agosto 12, 2022<\/a><\/div>\n\t\t\t\t<div class=\"raven-post-excerpt\">Esta muestra invita a quienes la visitan a disfrutar del proceso de composici\u00f3n de una pieza de arte d\u00eda tras d\u00eda. Entrada gratuita. Este jueves,&nbsp;inaugur\u00f3 \u201cLa vida secreta de las<\/div>\n\t\t\t\t\t\t\t<\/div>\n\t\t\t\t<\/div>\n\t\t\t<\/div>\n\t\t<\/div>\n\t\t\n\t\t<div class=\"swiper-slide\">\n\t\t\t<div class=\"raven-post-wrapper\">\n\t\t\t\t<div class=\"raven-post\">\n\t\t\t\t\t\t\t<div class=\"raven-post-image-wrap\">\n\t\t\t<a class=\"raven-post-image raven-image-fit\"  href=https:\/\/espaciocultural.ciudaddemendoza.gob.ar\/?p=97593><img loading=\"lazy\" decoding=\"async\" width=\"1024\" height=\"683\" src=\"https:\/\/espaciocultural.ciudaddemendoza.gob.ar\/wp-content\/uploads\/2022\/08\/Anexo-1024x683.jpg\" class=\"attachment-large size-large wp-image-97595\" alt=\"\" srcset=\"https:\/\/espaciocultural.ciudaddemendoza.gob.ar\/wp-content\/uploads\/2022\/08\/Anexo-1024x683.jpg 1024w, https:\/\/espaciocultural.ciudaddemendoza.gob.ar\/wp-content\/uploads\/2022\/08\/Anexo-300x200.jpg 300w, https:\/\/espaciocultural.ciudaddemendoza.gob.ar\/wp-content\/uploads\/2022\/08\/Anexo-768x512.jpg 768w, https:\/\/espaciocultural.ciudaddemendoza.gob.ar\/wp-content\/uploads\/2022\/08\/Anexo-391x260.jpg 391w, https:\/\/espaciocultural.ciudaddemendoza.gob.ar\/wp-content\/uploads\/2022\/08\/Anexo-1536x1024.jpg 1536w, https:\/\/espaciocultural.ciudaddemendoza.gob.ar\/wp-content\/uploads\/2022\/08\/Anexo-24x16.jpg 24w, https:\/\/espaciocultural.ciudaddemendoza.gob.ar\/wp-content\/uploads\/2022\/08\/Anexo-36x24.jpg 36w, https:\/\/espaciocultural.ciudaddemendoza.gob.ar\/wp-content\/uploads\/2022\/08\/Anexo-48x32.jpg 48w, https:\/\/espaciocultural.ciudaddemendoza.gob.ar\/wp-content\/uploads\/2022\/08\/Anexo.jpg 2046w\" sizes=\"auto, (max-width: 1024px) 100vw, 1024px\" \/> <span class=\"raven-post-image-overlay\"><\/span><\/a>\t\t<\/div>\n\t\t\n\t\t\t\t\t<div class=\"raven-post-content\">\n\t\t\t\t\t\t<div class=\"raven-post-title\"><a class=\"raven-post-title-link\" href=\"https:\/\/espaciocultural.ciudaddemendoza.gob.ar\/?p=97593\">Inaugura \u201cLa vida secreta de las im\u00e1genes\u201d, de Mariel Matoz en el Anexo MMAMM<\/a><\/div>\t\t<div class=\"raven-post-meta\"><a class=\"raven-post-meta-item raven-post-date\" href=\"https:\/\/espaciocultural.ciudaddemendoza.gob.ar\/?m=202208\" rel=\"bookmark\">agosto 8, 2022<\/a><\/div>\n\t\t\t\t<div class=\"raven-post-excerpt\">La exposici\u00f3n llegar\u00e1 a la sala ubicada en el Parque Central, este jueves 11 de agosto a las 19. Entrada gratuita. La&nbsp;Sala Anexo MMAMM&nbsp;inaugura una nueva muestra. Se trata de&nbsp;\u201cLa<\/div>\n\t\t\t\t\t\t\t<\/div>\n\t\t\t\t<\/div>\n\t\t\t<\/div>\n\t\t<\/div>\n\t\t\n\t\t<div class=\"swiper-slide\">\n\t\t\t<div class=\"raven-post-wrapper\">\n\t\t\t\t<div class=\"raven-post\">\n\t\t\t\t\t\t\t<div class=\"raven-post-image-wrap\">\n\t\t\t<a class=\"raven-post-image raven-image-fit\"  href=https:\/\/espaciocultural.ciudaddemendoza.gob.ar\/?p=97597><img loading=\"lazy\" decoding=\"async\" width=\"1024\" height=\"683\" src=\"https:\/\/espaciocultural.ciudaddemendoza.gob.ar\/wp-content\/uploads\/2022\/08\/mmamm-1024x683.jpg\" class=\"attachment-large size-large wp-image-97605\" alt=\"\" srcset=\"https:\/\/espaciocultural.ciudaddemendoza.gob.ar\/wp-content\/uploads\/2022\/08\/mmamm-1024x683.jpg 1024w, https:\/\/espaciocultural.ciudaddemendoza.gob.ar\/wp-content\/uploads\/2022\/08\/mmamm-300x200.jpg 300w, https:\/\/espaciocultural.ciudaddemendoza.gob.ar\/wp-content\/uploads\/2022\/08\/mmamm-768x512.jpg 768w, https:\/\/espaciocultural.ciudaddemendoza.gob.ar\/wp-content\/uploads\/2022\/08\/mmamm-391x260.jpg 391w, https:\/\/espaciocultural.ciudaddemendoza.gob.ar\/wp-content\/uploads\/2022\/08\/mmamm-1536x1024.jpg 1536w, https:\/\/espaciocultural.ciudaddemendoza.gob.ar\/wp-content\/uploads\/2022\/08\/mmamm-2048x1365.jpg 2048w, https:\/\/espaciocultural.ciudaddemendoza.gob.ar\/wp-content\/uploads\/2022\/08\/mmamm-24x16.jpg 24w, https:\/\/espaciocultural.ciudaddemendoza.gob.ar\/wp-content\/uploads\/2022\/08\/mmamm-36x24.jpg 36w, https:\/\/espaciocultural.ciudaddemendoza.gob.ar\/wp-content\/uploads\/2022\/08\/mmamm-48x32.jpg 48w\" sizes=\"auto, (max-width: 1024px) 100vw, 1024px\" \/> <span class=\"raven-post-image-overlay\"><\/span><\/a>\t\t<\/div>\n\t\t\n\t\t\t\t\t<div class=\"raven-post-content\">\n\t\t\t\t\t\t<div class=\"raven-post-title\"><a class=\"raven-post-title-link\" href=\"https:\/\/espaciocultural.ciudaddemendoza.gob.ar\/?p=97597\">La artista Mariana Bar\u00f3n\u00a0dar\u00e1 una entrevista exclusiva en el MMAMM<\/a><\/div>\t\t<div class=\"raven-post-meta\"><a class=\"raven-post-meta-item raven-post-date\" href=\"https:\/\/espaciocultural.ciudaddemendoza.gob.ar\/?m=202208\" rel=\"bookmark\">agosto 3, 2022<\/a><\/div>\n\t\t\t\t<div class=\"raven-post-excerpt\">La Ciudad de Mendoza invita el 5 de agosto, a las 18, a conocer a Mariana Bar\u00f3n. En una entrevista, la joven&nbsp;contar\u00e1 detalles&nbsp;sobre su propuesta art\u00edstica en la&nbsp;muestra \u201cProcesos y<\/div>\n\t\t\t\t\t\t\t<\/div>\n\t\t\t\t<\/div>\n\t\t\t<\/div>\n\t\t<\/div>\n\t\t\n\t\t<div class=\"swiper-slide\">\n\t\t\t<div class=\"raven-post-wrapper\">\n\t\t\t\t<div class=\"raven-post\">\n\t\t\t\t\t\t\t<div class=\"raven-post-image-wrap\">\n\t\t\t<a class=\"raven-post-image raven-image-fit\"  href=https:\/\/espaciocultural.ciudaddemendoza.gob.ar\/?p=97585><img loading=\"lazy\" decoding=\"async\" width=\"1024\" height=\"683\" src=\"https:\/\/espaciocultural.ciudaddemendoza.gob.ar\/wp-content\/uploads\/2022\/08\/Teatro-Quintanilla-1024x683.jpg\" class=\"attachment-large size-large wp-image-97586\" alt=\"\" srcset=\"https:\/\/espaciocultural.ciudaddemendoza.gob.ar\/wp-content\/uploads\/2022\/08\/Teatro-Quintanilla-1024x683.jpg 1024w, https:\/\/espaciocultural.ciudaddemendoza.gob.ar\/wp-content\/uploads\/2022\/08\/Teatro-Quintanilla-300x200.jpg 300w, https:\/\/espaciocultural.ciudaddemendoza.gob.ar\/wp-content\/uploads\/2022\/08\/Teatro-Quintanilla-768x512.jpg 768w, https:\/\/espaciocultural.ciudaddemendoza.gob.ar\/wp-content\/uploads\/2022\/08\/Teatro-Quintanilla-391x260.jpg 391w, https:\/\/espaciocultural.ciudaddemendoza.gob.ar\/wp-content\/uploads\/2022\/08\/Teatro-Quintanilla-24x16.jpg 24w, https:\/\/espaciocultural.ciudaddemendoza.gob.ar\/wp-content\/uploads\/2022\/08\/Teatro-Quintanilla-36x24.jpg 36w, https:\/\/espaciocultural.ciudaddemendoza.gob.ar\/wp-content\/uploads\/2022\/08\/Teatro-Quintanilla-48x32.jpg 48w, https:\/\/espaciocultural.ciudaddemendoza.gob.ar\/wp-content\/uploads\/2022\/08\/Teatro-Quintanilla.jpg 1098w\" sizes=\"auto, (max-width: 1024px) 100vw, 1024px\" \/> <span class=\"raven-post-image-overlay\"><\/span><\/a>\t\t<\/div>\n\t\t\n\t\t\t\t\t<div class=\"raven-post-content\">\n\t\t\t\t\t\t<div class=\"raven-post-title\"><a class=\"raven-post-title-link\" href=\"https:\/\/espaciocultural.ciudaddemendoza.gob.ar\/?p=97585\">En agosto disfrut\u00e1 de \u201cDanza Arriba\u201d en el Quintanilla<\/a><\/div>\t\t<div class=\"raven-post-meta\"><a class=\"raven-post-meta-item raven-post-date\" href=\"https:\/\/espaciocultural.ciudaddemendoza.gob.ar\/?m=202208\" rel=\"bookmark\">agosto 2, 2022<\/a><\/div>\n\t\t\t\t<div class=\"raven-post-excerpt\">El ciclo presentar\u00e1 interesantes propuestas, entre ellas dos conservatorios gratuitos. Adquir\u00ed tu ticket a trav\u00e9s de Entrada Web. La Ciudad de Mendoza trae en agosto el&nbsp;ciclo \u201cDanza Arriba\u201d&nbsp;para disfrutar en<\/div>\n\t\t\t\t\t\t\t<\/div>\n\t\t\t\t<\/div>\n\t\t\t<\/div>\n\t\t<\/div>\n\t\t\n\t\t<div class=\"swiper-slide\">\n\t\t\t<div class=\"raven-post-wrapper\">\n\t\t\t\t<div class=\"raven-post\">\n\t\t\t\t\t\t\t<div class=\"raven-post-image-wrap\">\n\t\t\t<a class=\"raven-post-image raven-image-fit\"  href=https:\/\/espaciocultural.ciudaddemendoza.gob.ar\/?p=97575><img loading=\"lazy\" decoding=\"async\" width=\"1024\" height=\"683\" src=\"https:\/\/espaciocultural.ciudaddemendoza.gob.ar\/wp-content\/uploads\/2022\/07\/1-1-1024x683.jpg\" class=\"attachment-large size-large wp-image-97580\" alt=\"\" srcset=\"https:\/\/espaciocultural.ciudaddemendoza.gob.ar\/wp-content\/uploads\/2022\/07\/1-1-1024x683.jpg 1024w, https:\/\/espaciocultural.ciudaddemendoza.gob.ar\/wp-content\/uploads\/2022\/07\/1-1-300x200.jpg 300w, https:\/\/espaciocultural.ciudaddemendoza.gob.ar\/wp-content\/uploads\/2022\/07\/1-1-768x512.jpg 768w, https:\/\/espaciocultural.ciudaddemendoza.gob.ar\/wp-content\/uploads\/2022\/07\/1-1-391x260.jpg 391w, https:\/\/espaciocultural.ciudaddemendoza.gob.ar\/wp-content\/uploads\/2022\/07\/1-1-1536x1024.jpg 1536w, https:\/\/espaciocultural.ciudaddemendoza.gob.ar\/wp-content\/uploads\/2022\/07\/1-1-2048x1365.jpg 2048w, https:\/\/espaciocultural.ciudaddemendoza.gob.ar\/wp-content\/uploads\/2022\/07\/1-1-24x16.jpg 24w, https:\/\/espaciocultural.ciudaddemendoza.gob.ar\/wp-content\/uploads\/2022\/07\/1-1-36x24.jpg 36w, https:\/\/espaciocultural.ciudaddemendoza.gob.ar\/wp-content\/uploads\/2022\/07\/1-1-48x32.jpg 48w\" sizes=\"auto, (max-width: 1024px) 100vw, 1024px\" \/> <span class=\"raven-post-image-overlay\"><\/span><\/a>\t\t<\/div>\n\t\t\n\t\t\t\t\t<div class=\"raven-post-content\">\n\t\t\t\t\t\t<div class=\"raven-post-title\"><a class=\"raven-post-title-link\" href=\"https:\/\/espaciocultural.ciudaddemendoza.gob.ar\/?p=97575\">Dos obras del reconocido artista Carlos Alonso fueron incorporadas al MMAMM<\/a><\/div>\t\t<div class=\"raven-post-meta\"><a class=\"raven-post-meta-item raven-post-date\" href=\"https:\/\/espaciocultural.ciudaddemendoza.gob.ar\/?m=202207\" rel=\"bookmark\">julio 22, 2022<\/a><\/div>\n\t\t\t\t<div class=\"raven-post-excerpt\">El Museo Municipal de Arte Moderno (MMAMM) realiz\u00f3 un evento especial para celebrar la llegada de dos dibujos del pintor mendocino, representante de un arte de marcado inter\u00e9s social. El&nbsp;MMAMM,<\/div>\n\t\t\t\t\t\t\t<\/div>\n\t\t\t\t<\/div>\n\t\t\t<\/div>\n\t\t<\/div>\n\t\t\t\t\t\t<\/div>\n\t\t<div class=\"swiper-pagination swiper-pager-outside bullets-pagination-type\"><\/div>\n\t\t<\/div>\n\n\t\t\t\t\t\t\t<div class=\"swiper-button-prev\"><\/div>\n\t\t\t\t<div class=\"swiper-button-next\"><\/div>\n\t\t\t\n\t\t<\/div>\n\t\t\t\t<\/div>\n\t\t\t\t<\/div>\n\t\t\t\t\t<\/div>\n\t\t<\/div>\n\t\t\t\t\t\t\t<\/div>\n\t\t<\/section>\n\t\t\t\t<section class=\"elementor-section elementor-top-section elementor-element elementor-element-76c948d elementor-hidden-desktop elementor-hidden-tablet elementor-hidden-phone elementor-section-boxed elementor-section-height-default elementor-section-height-default\" data-id=\"76c948d\" data-element_type=\"section\" data-settings=\"{&quot;background_background&quot;:&quot;classic&quot;}\">\n\t\t\t\t\t\t<div class=\"elementor-container elementor-column-gap-default\">\n\t\t\t\t\t<div class=\"elementor-column elementor-col-100 elementor-top-column elementor-element elementor-element-1f0857f\" data-id=\"1f0857f\" data-element_type=\"column\" data-settings=\"{&quot;background_background&quot;:&quot;classic&quot;}\">\n\t\t\t<div class=\"elementor-widget-wrap elementor-element-populated\">\n\t\t\t\t\t\t\t\t<section class=\"elementor-section elementor-inner-section elementor-element elementor-element-c5c65d5 elementor-section-boxed elementor-section-height-default elementor-section-height-default\" data-id=\"c5c65d5\" data-element_type=\"section\">\n\t\t\t\t\t\t<div class=\"elementor-container elementor-column-gap-default\">\n\t\t\t\t\t<div class=\"elementor-column elementor-col-100 elementor-inner-column elementor-element elementor-element-2e65b5e\" data-id=\"2e65b5e\" data-element_type=\"column\">\n\t\t\t<div class=\"elementor-widget-wrap elementor-element-populated\">\n\t\t\t\t\t\t\t\t<div class=\"elementor-element elementor-element-23bed59 animated-slow elementor-invisible elementor-widget elementor-widget-heading\" data-id=\"23bed59\" data-element_type=\"widget\" data-settings=\"{&quot;_animation&quot;:&quot;fadeIn&quot;,&quot;_animation_delay&quot;:500}\" data-widget_type=\"heading.default\">\n\t\t\t\t<div class=\"elementor-widget-container\">\n\t\t\t<h2 class=\"elementor-heading-title elementor-size-default\">Preguntas frecuentes<\/h2>\t\t<\/div>\n\t\t\t\t<\/div>\n\t\t\t\t<div class=\"elementor-element elementor-element-eec1c1c elementor-widget elementor-widget-accordion\" data-id=\"eec1c1c\" data-element_type=\"widget\" data-widget_type=\"accordion.default\">\n\t\t\t\t<div class=\"elementor-widget-container\">\n\t\t\t\t\t<div class=\"elementor-accordion\" role=\"tablist\">\n\t\t\t\t\t\t\t<div class=\"elementor-accordion-item\">\n\t\t\t\t\t<div id=\"elementor-tab-title-2501\" class=\"elementor-tab-title\" data-tab=\"1\" role=\"tab\" aria-controls=\"elementor-tab-content-2501\" aria-expanded=\"false\">\n\t\t\t\t\t\t\t\t\t\t\t\t\t<span class=\"elementor-accordion-icon elementor-accordion-icon-right\" aria-hidden=\"true\">\n\t\t\t\t\t\t\t\t\t\t\t\t\t\t\t<span class=\"elementor-accordion-icon-closed\"><i class=\"fas fa-plus\"><\/i><\/span>\n\t\t\t\t\t\t\t\t<span class=\"elementor-accordion-icon-opened\"><i class=\"fas fa-minus\"><\/i><\/span>\n\t\t\t\t\t\t\t\t\t\t\t\t\t\t<\/span>\n\t\t\t\t\t\t\t\t\t\t\t\t<a class=\"elementor-accordion-title\" href=\"\">#1<\/a>\n\t\t\t\t\t<\/div>\n\t\t\t\t\t<div id=\"elementor-tab-content-2501\" class=\"elementor-tab-content elementor-clearfix\" data-tab=\"1\" role=\"tabpanel\" aria-labelledby=\"elementor-tab-title-2501\">Lorem ipsum dolor sit amet, consectetur adipiscing elit. Ut elit tellus, luctus nec ullamcorper mattis, pulvinar dapibus leo.<\/div>\n\t\t\t\t<\/div>\n\t\t\t\t\t\t\t<div class=\"elementor-accordion-item\">\n\t\t\t\t\t<div id=\"elementor-tab-title-2502\" class=\"elementor-tab-title\" data-tab=\"2\" role=\"tab\" aria-controls=\"elementor-tab-content-2502\" aria-expanded=\"false\">\n\t\t\t\t\t\t\t\t\t\t\t\t\t<span class=\"elementor-accordion-icon elementor-accordion-icon-right\" aria-hidden=\"true\">\n\t\t\t\t\t\t\t\t\t\t\t\t\t\t\t<span class=\"elementor-accordion-icon-closed\"><i class=\"fas fa-plus\"><\/i><\/span>\n\t\t\t\t\t\t\t\t<span class=\"elementor-accordion-icon-opened\"><i class=\"fas fa-minus\"><\/i><\/span>\n\t\t\t\t\t\t\t\t\t\t\t\t\t\t<\/span>\n\t\t\t\t\t\t\t\t\t\t\t\t<a class=\"elementor-accordion-title\" href=\"\">#2<\/a>\n\t\t\t\t\t<\/div>\n\t\t\t\t\t<div id=\"elementor-tab-content-2502\" class=\"elementor-tab-content elementor-clearfix\" data-tab=\"2\" role=\"tabpanel\" aria-labelledby=\"elementor-tab-title-2502\">Lorem ipsum dolor sit amet, consectetur adipiscing elit. Ut elit tellus, luctus nec ullamcorper mattis, pulvinar dapibus leo.<\/div>\n\t\t\t\t<\/div>\n\t\t\t\t\t\t\t<div class=\"elementor-accordion-item\">\n\t\t\t\t\t<div id=\"elementor-tab-title-2503\" class=\"elementor-tab-title\" data-tab=\"3\" role=\"tab\" aria-controls=\"elementor-tab-content-2503\" aria-expanded=\"false\">\n\t\t\t\t\t\t\t\t\t\t\t\t\t<span class=\"elementor-accordion-icon elementor-accordion-icon-right\" aria-hidden=\"true\">\n\t\t\t\t\t\t\t\t\t\t\t\t\t\t\t<span class=\"elementor-accordion-icon-closed\"><i class=\"fas fa-plus\"><\/i><\/span>\n\t\t\t\t\t\t\t\t<span class=\"elementor-accordion-icon-opened\"><i class=\"fas fa-minus\"><\/i><\/span>\n\t\t\t\t\t\t\t\t\t\t\t\t\t\t<\/span>\n\t\t\t\t\t\t\t\t\t\t\t\t<a class=\"elementor-accordion-title\" href=\"\">#3<\/a>\n\t\t\t\t\t<\/div>\n\t\t\t\t\t<div id=\"elementor-tab-content-2503\" class=\"elementor-tab-content elementor-clearfix\" data-tab=\"3\" role=\"tabpanel\" aria-labelledby=\"elementor-tab-title-2503\">Lorem ipsum dolor sit amet, consectetur adipiscing elit. Ut elit tellus, luctus nec ullamcorper mattis, pulvinar dapibus leo.<\/div>\n\t\t\t\t<\/div>\n\t\t\t\t\t\t\t\t<\/div>\n\t\t\t\t<\/div>\n\t\t\t\t<\/div>\n\t\t\t\t\t<\/div>\n\t\t<\/div>\n\t\t\t\t\t\t\t<\/div>\n\t\t<\/section>\n\t\t\t\t\t<\/div>\n\t\t<\/div>\n\t\t\t\t\t\t\t<\/div>\n\t\t<\/section>\n\t\t\t\t\t\t\t<\/div>\n\t\t","protected":false},"excerpt":{"rendered":"<p>Contacto teatroquintanilla@ciudaddemendoza.gov.ar Direcci\u00f3n Plaza Independencia Horario de Atenci\u00f3n Martes a viernes de 10 a 13:30 hs Programaci\u00f3n \/ Cartelera Sala Solicitud de Audiencia para uso de sala Sobre el Teatro El Teatro Quintanilla hoy se presenta renovado y como parte primordial de la constelaci\u00f3n formada por el MMAMM y la Biblioteca Ricardo Tudela, dentro del [&hellip;]<\/p>\n","protected":false},"author":1,"featured_media":0,"parent":0,"menu_order":0,"comment_status":"closed","ping_status":"closed","template":"","meta":{"om_disable_all_campaigns":false,"_mi_skip_tracking":false,"_monsterinsights_sitenote_active":false,"_monsterinsights_sitenote_note":"","_monsterinsights_sitenote_category":0,"_mc_calendar":[],"footnotes":""},"class_list":["post-255","page","type-page","status-publish","hentry"],"acf":[],"aioseo_notices":[],"_links":{"self":[{"href":"https:\/\/espaciocultural.ciudaddemendoza.gob.ar\/index.php?rest_route=\/wp\/v2\/pages\/255","targetHints":{"allow":["GET"]}}],"collection":[{"href":"https:\/\/espaciocultural.ciudaddemendoza.gob.ar\/index.php?rest_route=\/wp\/v2\/pages"}],"about":[{"href":"https:\/\/espaciocultural.ciudaddemendoza.gob.ar\/index.php?rest_route=\/wp\/v2\/types\/page"}],"author":[{"embeddable":true,"href":"https:\/\/espaciocultural.ciudaddemendoza.gob.ar\/index.php?rest_route=\/wp\/v2\/users\/1"}],"replies":[{"embeddable":true,"href":"https:\/\/espaciocultural.ciudaddemendoza.gob.ar\/index.php?rest_route=%2Fwp%2Fv2%2Fcomments&post=255"}],"version-history":[{"count":173,"href":"https:\/\/espaciocultural.ciudaddemendoza.gob.ar\/index.php?rest_route=\/wp\/v2\/pages\/255\/revisions"}],"predecessor-version":[{"id":97143,"href":"https:\/\/espaciocultural.ciudaddemendoza.gob.ar\/index.php?rest_route=\/wp\/v2\/pages\/255\/revisions\/97143"}],"wp:attachment":[{"href":"https:\/\/espaciocultural.ciudaddemendoza.gob.ar\/index.php?rest_route=%2Fwp%2Fv2%2Fmedia&parent=255"}],"curies":[{"name":"wp","href":"https:\/\/api.w.org\/{rel}","templated":true}]}}