{"id":95529,"date":"2021-08-29T21:09:11","date_gmt":"2021-08-29T21:09:11","guid":{"rendered":"https:\/\/espaciocultural.ciudaddemendoza.gob.ar\/?page_id=95529"},"modified":"2021-11-09T16:33:02","modified_gmt":"2021-11-09T16:33:02","slug":"anexo","status":"publish","type":"page","link":"https:\/\/espaciocultural.ciudaddemendoza.gob.ar\/?page_id=95529","title":{"rendered":"Anexo"},"content":{"rendered":"\t\t<div data-elementor-type=\"wp-page\" data-elementor-id=\"95529\" class=\"elementor elementor-95529\">\n\t\t\t\t\t\t\t\t\t<section class=\"elementor-section elementor-top-section elementor-element elementor-element-671a7fc elementor-section-height-min-height animated-slow elementor-section-items-top elementor-section-boxed elementor-section-height-default elementor-invisible\" data-id=\"671a7fc\" data-element_type=\"section\" data-settings=\"{&quot;background_background&quot;:&quot;classic&quot;,&quot;animation&quot;:&quot;fadeIn&quot;}\">\n\t\t\t\t\t\t<div class=\"elementor-container elementor-column-gap-default\">\n\t\t\t\t\t<div class=\"elementor-column elementor-col-25 elementor-top-column elementor-element elementor-element-dce079b\" data-id=\"dce079b\" data-element_type=\"column\">\n\t\t\t<div class=\"elementor-widget-wrap elementor-element-populated\">\n\t\t\t\t\t\t\t\t<div class=\"elementor-element elementor-element-8c8e226 elementor-view-default elementor-widget elementor-widget-icon\" data-id=\"8c8e226\" data-element_type=\"widget\" data-widget_type=\"icon.default\">\n\t\t\t\t<div class=\"elementor-widget-container\">\n\t\t\t\t\t<div class=\"elementor-icon-wrapper\">\n\t\t\t<div class=\"elementor-icon\">\n\t\t\t<i aria-hidden=\"true\" class=\"fas fa-inbox\"><\/i>\t\t\t<\/div>\n\t\t<\/div>\n\t\t\t\t<\/div>\n\t\t\t\t<\/div>\n\t\t\t\t<div class=\"elementor-element elementor-element-f0d36b4 animated-slow elementor-invisible elementor-widget elementor-widget-heading\" data-id=\"f0d36b4\" data-element_type=\"widget\" data-settings=\"{&quot;_animation&quot;:&quot;fadeIn&quot;,&quot;_animation_delay&quot;:500}\" data-widget_type=\"heading.default\">\n\t\t\t\t<div class=\"elementor-widget-container\">\n\t\t\t<h2 class=\"elementor-heading-title elementor-size-default\">Contacto<\/h2>\t\t<\/div>\n\t\t\t\t<\/div>\n\t\t\t\t<div class=\"elementor-element elementor-element-5ce1344 animated-slow elementor-invisible elementor-widget elementor-widget-heading\" data-id=\"5ce1344\" data-element_type=\"widget\" data-settings=\"{&quot;_animation&quot;:&quot;fadeIn&quot;,&quot;_animation_delay&quot;:500}\" data-widget_type=\"heading.default\">\n\t\t\t\t<div class=\"elementor-widget-container\">\n\t\t\t<h2 class=\"elementor-heading-title elementor-size-default\">mmamm@ciudaddemendoza.gov.ar<\/h2>\t\t<\/div>\n\t\t\t\t<\/div>\n\t\t\t\t\t<\/div>\n\t\t<\/div>\n\t\t\t\t<div class=\"elementor-column elementor-col-25 elementor-top-column elementor-element elementor-element-5619b7f\" data-id=\"5619b7f\" data-element_type=\"column\">\n\t\t\t<div class=\"elementor-widget-wrap elementor-element-populated\">\n\t\t\t\t\t\t\t\t<div class=\"elementor-element elementor-element-4591ba9 elementor-view-default elementor-widget elementor-widget-icon\" data-id=\"4591ba9\" data-element_type=\"widget\" data-widget_type=\"icon.default\">\n\t\t\t\t<div class=\"elementor-widget-container\">\n\t\t\t\t\t<div class=\"elementor-icon-wrapper\">\n\t\t\t<div class=\"elementor-icon\">\n\t\t\t<i aria-hidden=\"true\" class=\"fas fa-map-marker-alt\"><\/i>\t\t\t<\/div>\n\t\t<\/div>\n\t\t\t\t<\/div>\n\t\t\t\t<\/div>\n\t\t\t\t<div class=\"elementor-element elementor-element-45dadea animated-slow elementor-invisible elementor-widget elementor-widget-heading\" data-id=\"45dadea\" data-element_type=\"widget\" data-settings=\"{&quot;_animation&quot;:&quot;fadeIn&quot;,&quot;_animation_delay&quot;:500}\" data-widget_type=\"heading.default\">\n\t\t\t\t<div class=\"elementor-widget-container\">\n\t\t\t<h2 class=\"elementor-heading-title elementor-size-default\">Direcci\u00f3n<\/h2>\t\t<\/div>\n\t\t\t\t<\/div>\n\t\t\t\t<div class=\"elementor-element elementor-element-1708982 animated-slow elementor-invisible elementor-widget elementor-widget-heading\" data-id=\"1708982\" data-element_type=\"widget\" data-settings=\"{&quot;_animation&quot;:&quot;fadeIn&quot;,&quot;_animation_delay&quot;:500}\" data-widget_type=\"heading.default\">\n\t\t\t\t<div class=\"elementor-widget-container\">\n\t\t\t<h2 class=\"elementor-heading-title elementor-size-default\">Plaza Independencia<\/h2>\t\t<\/div>\n\t\t\t\t<\/div>\n\t\t\t\t\t<\/div>\n\t\t<\/div>\n\t\t\t\t<div class=\"elementor-column elementor-col-25 elementor-top-column elementor-element elementor-element-e01b616\" data-id=\"e01b616\" data-element_type=\"column\">\n\t\t\t<div class=\"elementor-widget-wrap elementor-element-populated\">\n\t\t\t\t\t\t\t\t<div class=\"elementor-element elementor-element-97d322c elementor-view-default elementor-widget elementor-widget-icon\" data-id=\"97d322c\" data-element_type=\"widget\" data-widget_type=\"icon.default\">\n\t\t\t\t<div class=\"elementor-widget-container\">\n\t\t\t\t\t<div class=\"elementor-icon-wrapper\">\n\t\t\t<div class=\"elementor-icon\">\n\t\t\t<i aria-hidden=\"true\" class=\"fas fa-ticket-alt\"><\/i>\t\t\t<\/div>\n\t\t<\/div>\n\t\t\t\t<\/div>\n\t\t\t\t<\/div>\n\t\t\t\t<div class=\"elementor-element elementor-element-8a422bf animated-slow elementor-invisible elementor-widget elementor-widget-heading\" data-id=\"8a422bf\" data-element_type=\"widget\" data-settings=\"{&quot;_animation&quot;:&quot;fadeIn&quot;,&quot;_animation_delay&quot;:500}\" data-widget_type=\"heading.default\">\n\t\t\t\t<div class=\"elementor-widget-container\">\n\t\t\t<h2 class=\"elementor-heading-title elementor-size-default\">Ingreso<\/h2>\t\t<\/div>\n\t\t\t\t<\/div>\n\t\t\t\t<div class=\"elementor-element elementor-element-887d852 animated-slow elementor-invisible elementor-widget elementor-widget-heading\" data-id=\"887d852\" data-element_type=\"widget\" data-settings=\"{&quot;_animation&quot;:&quot;fadeIn&quot;,&quot;_animation_delay&quot;:500}\" data-widget_type=\"heading.default\">\n\t\t\t\t<div class=\"elementor-widget-container\">\n\t\t\t<h2 class=\"elementor-heading-title elementor-size-default\">Gratuito<\/h2>\t\t<\/div>\n\t\t\t\t<\/div>\n\t\t\t\t\t<\/div>\n\t\t<\/div>\n\t\t\t\t<div class=\"elementor-column elementor-col-25 elementor-top-column elementor-element elementor-element-b46e756\" data-id=\"b46e756\" data-element_type=\"column\">\n\t\t\t<div class=\"elementor-widget-wrap elementor-element-populated\">\n\t\t\t\t\t\t\t\t<div class=\"elementor-element elementor-element-14ade05 elementor-view-default elementor-widget elementor-widget-icon\" data-id=\"14ade05\" data-element_type=\"widget\" data-widget_type=\"icon.default\">\n\t\t\t\t<div class=\"elementor-widget-container\">\n\t\t\t\t\t<div class=\"elementor-icon-wrapper\">\n\t\t\t<div class=\"elementor-icon\">\n\t\t\t<i aria-hidden=\"true\" class=\"far fa-clock\"><\/i>\t\t\t<\/div>\n\t\t<\/div>\n\t\t\t\t<\/div>\n\t\t\t\t<\/div>\n\t\t\t\t<div class=\"elementor-element elementor-element-7236fba animated-slow elementor-invisible elementor-widget elementor-widget-heading\" data-id=\"7236fba\" data-element_type=\"widget\" data-settings=\"{&quot;_animation&quot;:&quot;fadeIn&quot;,&quot;_animation_delay&quot;:500}\" data-widget_type=\"heading.default\">\n\t\t\t\t<div class=\"elementor-widget-container\">\n\t\t\t<h2 class=\"elementor-heading-title elementor-size-default\">Horario de Visitas<\/h2>\t\t<\/div>\n\t\t\t\t<\/div>\n\t\t\t\t<div class=\"elementor-element elementor-element-58f8ee7 animated-slow elementor-invisible elementor-widget elementor-widget-heading\" data-id=\"58f8ee7\" data-element_type=\"widget\" data-settings=\"{&quot;_animation&quot;:&quot;fadeIn&quot;,&quot;_animation_delay&quot;:500}\" data-widget_type=\"heading.default\">\n\t\t\t\t<div class=\"elementor-widget-container\">\n\t\t\t<h2 class=\"elementor-heading-title elementor-size-default\">Martes a viernes: <br>10:00 - 19.00hs.\n<br>\nS\u00e1bados, domingos y feriados:<br>\n16 a 20hs.<\/h2>\t\t<\/div>\n\t\t\t\t<\/div>\n\t\t\t\t\t<\/div>\n\t\t<\/div>\n\t\t\t\t\t\t\t<\/div>\n\t\t<\/section>\n\t\t\t\t<section class=\"elementor-section elementor-top-section elementor-element elementor-element-9504439 elementor-section-boxed elementor-section-height-default elementor-section-height-default\" data-id=\"9504439\" data-element_type=\"section\">\n\t\t\t\t\t\t<div class=\"elementor-container elementor-column-gap-default\">\n\t\t\t\t\t<div class=\"elementor-column elementor-col-100 elementor-top-column elementor-element elementor-element-4b7d566\" data-id=\"4b7d566\" data-element_type=\"column\">\n\t\t\t<div class=\"elementor-widget-wrap elementor-element-populated\">\n\t\t\t\t\t\t\t\t<div class=\"elementor-element elementor-element-f8d7268 animated-slow elementor-invisible elementor-widget elementor-widget-heading\" data-id=\"f8d7268\" data-element_type=\"widget\" data-settings=\"{&quot;_animation&quot;:&quot;fadeIn&quot;,&quot;_animation_delay&quot;:500}\" data-widget_type=\"heading.default\">\n\t\t\t\t<div class=\"elementor-widget-container\">\n\t\t\t<h2 class=\"elementor-heading-title elementor-size-default\">Anexo MMAMM<\/h2>\t\t<\/div>\n\t\t\t\t<\/div>\n\t\t\t\t\t<\/div>\n\t\t<\/div>\n\t\t\t\t\t\t\t<\/div>\n\t\t<\/section>\n\t\t\t\t<section class=\"elementor-section elementor-top-section elementor-element elementor-element-b6b95b0 elementor-section-boxed elementor-section-height-default elementor-section-height-default\" data-id=\"b6b95b0\" data-element_type=\"section\" data-settings=\"{&quot;background_background&quot;:&quot;classic&quot;}\">\n\t\t\t\t\t\t<div class=\"elementor-container elementor-column-gap-default\">\n\t\t\t\t\t<div class=\"elementor-column elementor-col-100 elementor-top-column elementor-element elementor-element-95d27df\" data-id=\"95d27df\" data-element_type=\"column\" data-settings=\"{&quot;background_background&quot;:&quot;classic&quot;}\">\n\t\t\t<div class=\"elementor-widget-wrap elementor-element-populated\">\n\t\t\t\t\t\t\t\t<div class=\"elementor-element elementor-element-29851a1 elementor-widget elementor-widget-spacer\" data-id=\"29851a1\" data-element_type=\"widget\" data-widget_type=\"spacer.default\">\n\t\t\t\t<div class=\"elementor-widget-container\">\n\t\t\t\t\t<div class=\"elementor-spacer\">\n\t\t\t<div class=\"elementor-spacer-inner\"><\/div>\n\t\t<\/div>\n\t\t\t\t<\/div>\n\t\t\t\t<\/div>\n\t\t\t\t\t<\/div>\n\t\t<\/div>\n\t\t\t\t\t\t\t<\/div>\n\t\t<\/section>\n\t\t\t\t<section class=\"elementor-section elementor-top-section elementor-element elementor-element-3f9e108 elementor-section-boxed elementor-section-height-default elementor-section-height-default\" data-id=\"3f9e108\" data-element_type=\"section\" data-settings=\"{&quot;background_background&quot;:&quot;classic&quot;}\">\n\t\t\t\t\t\t<div class=\"elementor-container elementor-column-gap-default\">\n\t\t\t\t\t<div class=\"elementor-column elementor-col-100 elementor-top-column elementor-element elementor-element-f0338ba\" data-id=\"f0338ba\" data-element_type=\"column\" data-settings=\"{&quot;background_background&quot;:&quot;classic&quot;}\">\n\t\t\t<div class=\"elementor-widget-wrap elementor-element-populated\">\n\t\t\t\t\t\t\t\t<div class=\"elementor-element elementor-element-0267639 elementor-widget elementor-widget-html\" data-id=\"0267639\" data-element_type=\"widget\" data-widget_type=\"html.default\">\n\t\t\t\t<div class=\"elementor-widget-container\">\n\t\t\t<iframe src=\"https:\/\/www.google.com\/maps\/embed?pb=!1m18!1m12!1m3!1d3350.8529171658392!2d-68.8442966848816!3d-32.875610775625674!2m3!1f0!2f0!3f0!3m2!1i1024!2i768!4f13.1!3m3!1m2!1s0x967e0925d648852b%3A0x74e8f13a5984c154!2sAnexo%20MMAMM!5e0!3m2!1ses!2sar!4v1636475073446!5m2!1ses!2sar\" width=\"600\" height=\"450\" style=\"border:0;\" allowfullscreen=\"\" loading=\"lazy\"><\/iframe>\t\t<\/div>\n\t\t\t\t<\/div>\n\t\t\t\t\t<\/div>\n\t\t<\/div>\n\t\t\t\t\t\t\t<\/div>\n\t\t<\/section>\n\t\t\t\t<section class=\"elementor-section elementor-top-section elementor-element elementor-element-3a56c3e elementor-section-boxed elementor-section-height-default elementor-section-height-default\" data-id=\"3a56c3e\" data-element_type=\"section\" data-settings=\"{&quot;background_background&quot;:&quot;classic&quot;}\">\n\t\t\t\t\t\t<div class=\"elementor-container elementor-column-gap-default\">\n\t\t\t\t\t<div class=\"elementor-column elementor-col-100 elementor-top-column elementor-element elementor-element-0377ec2\" data-id=\"0377ec2\" data-element_type=\"column\" data-settings=\"{&quot;background_background&quot;:&quot;classic&quot;}\">\n\t\t\t<div class=\"elementor-widget-wrap elementor-element-populated\">\n\t\t\t\t\t\t\t\t<div class=\"elementor-element elementor-element-b12caf4 elementor-widget elementor-widget-html\" data-id=\"b12caf4\" data-element_type=\"widget\" data-widget_type=\"html.default\">\n\t\t\t\t<div class=\"elementor-widget-container\">\n\t\t\t<style>\ndiv#jupiterx-primary {padding: 0px;} #jupiterx-main > div > div {padding: 0px;}\n<\/style>\n\n\t\t<\/div>\n\t\t\t\t<\/div>\n\t\t\t\t<div class=\"elementor-element elementor-element-e63d754 animated-slow elementor-invisible elementor-widget elementor-widget-heading\" data-id=\"e63d754\" data-element_type=\"widget\" data-settings=\"{&quot;_animation&quot;:&quot;fadeIn&quot;,&quot;_animation_delay&quot;:500}\" data-widget_type=\"heading.default\">\n\t\t\t\t<div class=\"elementor-widget-container\">\n\t\t\t<h2 class=\"elementor-heading-title elementor-size-default\">Noticias<\/h2>\t\t<\/div>\n\t\t\t\t<\/div>\n\t\t\t\t<div class=\"elementor-element elementor-element-4496ba2 elementor-widget elementor-widget-raven-posts-carousel\" data-id=\"4496ba2\" data-element_type=\"widget\" data-settings=\"{&quot;classic_slides_view&quot;:&quot;4&quot;,&quot;_skin&quot;:&quot;classic&quot;,&quot;query_posts_per_page&quot;:10,&quot;classic_slides_view_tablet&quot;:&quot;2&quot;,&quot;classic_slides_view_mobile&quot;:&quot;1&quot;,&quot;classic_slides_scroll&quot;:&quot;1&quot;,&quot;classic_slides_scroll_tablet&quot;:&quot;1&quot;,&quot;classic_slides_scroll_mobile&quot;:&quot;1&quot;,&quot;classic_transition_speed&quot;:500,&quot;classic_show_arrows&quot;:&quot;yes&quot;,&quot;query_offset&quot;:0,&quot;classic_columns_space_between&quot;:{&quot;unit&quot;:&quot;px&quot;,&quot;size&quot;:30,&quot;sizes&quot;:[]},&quot;classic_columns_space_between_tablet&quot;:{&quot;unit&quot;:&quot;px&quot;,&quot;size&quot;:20,&quot;sizes&quot;:[]},&quot;classic_columns_space_between_mobile&quot;:{&quot;unit&quot;:&quot;px&quot;,&quot;size&quot;:10,&quot;sizes&quot;:[]}}\" data-widget_type=\"raven-posts-carousel.classic\">\n\t\t\t\t<div class=\"elementor-widget-container\">\n\t\t\t\t\t<div class=\"raven-posts-carousel raven-swiper-slider\">\n\t\t\t<div class=\"raven-posts-carousel-swiper-container swiper-container\">\n\t\t\t\t<div class=\"swiper-wrapper swiper-columns-4\" data-swiper='{&quot;rtl&quot;:false}'>\n\t\t\n\t\t<div class=\"swiper-slide\">\n\t\t\t<div class=\"raven-post-wrapper\">\n\t\t\t\t<div class=\"raven-post\">\n\t\t\t\t\t\t\t<div class=\"raven-post-image-wrap\">\n\t\t\t<a class=\"raven-post-image raven-image-fit\"  href=https:\/\/espaciocultural.ciudaddemendoza.gob.ar\/?p=97607><img loading=\"lazy\" decoding=\"async\" width=\"1024\" height=\"683\" src=\"https:\/\/espaciocultural.ciudaddemendoza.gob.ar\/wp-content\/uploads\/2022\/08\/1-1-1024x683.jpg\" class=\"attachment-large size-large wp-image-97615\" alt=\"\" srcset=\"https:\/\/espaciocultural.ciudaddemendoza.gob.ar\/wp-content\/uploads\/2022\/08\/1-1-1024x683.jpg 1024w, https:\/\/espaciocultural.ciudaddemendoza.gob.ar\/wp-content\/uploads\/2022\/08\/1-1-300x200.jpg 300w, https:\/\/espaciocultural.ciudaddemendoza.gob.ar\/wp-content\/uploads\/2022\/08\/1-1-768x512.jpg 768w, https:\/\/espaciocultural.ciudaddemendoza.gob.ar\/wp-content\/uploads\/2022\/08\/1-1-391x260.jpg 391w, https:\/\/espaciocultural.ciudaddemendoza.gob.ar\/wp-content\/uploads\/2022\/08\/1-1-1536x1024.jpg 1536w, https:\/\/espaciocultural.ciudaddemendoza.gob.ar\/wp-content\/uploads\/2022\/08\/1-1-2048x1365.jpg 2048w, https:\/\/espaciocultural.ciudaddemendoza.gob.ar\/wp-content\/uploads\/2022\/08\/1-1-24x16.jpg 24w, https:\/\/espaciocultural.ciudaddemendoza.gob.ar\/wp-content\/uploads\/2022\/08\/1-1-36x24.jpg 36w, https:\/\/espaciocultural.ciudaddemendoza.gob.ar\/wp-content\/uploads\/2022\/08\/1-1-48x32.jpg 48w\" sizes=\"auto, (max-width: 1024px) 100vw, 1024px\" \/> <span class=\"raven-post-image-overlay\"><\/span><\/a>\t\t<\/div>\n\t\t\n\t\t\t\t\t<div class=\"raven-post-content\">\n\t\t\t\t\t\t<div class=\"raven-post-title\"><a class=\"raven-post-title-link\" href=\"https:\/\/espaciocultural.ciudaddemendoza.gob.ar\/?p=97607\">\u201cLa vida secreta de las im\u00e1genes\u201d ya se puede descubrir en el Anexo del MMAMM<\/a><\/div>\t\t<div class=\"raven-post-meta\"><a class=\"raven-post-meta-item raven-post-date\" href=\"https:\/\/espaciocultural.ciudaddemendoza.gob.ar\/?m=202208\" rel=\"bookmark\">agosto 12, 2022<\/a><\/div>\n\t\t\t\t<div class=\"raven-post-excerpt\">Esta muestra invita a quienes la visitan a disfrutar del proceso de composici\u00f3n de una pieza de arte d\u00eda tras d\u00eda. Entrada gratuita. Este jueves,&nbsp;inaugur\u00f3 \u201cLa vida secreta de las<\/div>\n\t\t\t\t\t\t\t<\/div>\n\t\t\t\t<\/div>\n\t\t\t<\/div>\n\t\t<\/div>\n\t\t\n\t\t<div class=\"swiper-slide\">\n\t\t\t<div class=\"raven-post-wrapper\">\n\t\t\t\t<div class=\"raven-post\">\n\t\t\t\t\t\t\t<div class=\"raven-post-image-wrap\">\n\t\t\t<a class=\"raven-post-image raven-image-fit\"  href=https:\/\/espaciocultural.ciudaddemendoza.gob.ar\/?p=97593><img loading=\"lazy\" decoding=\"async\" width=\"1024\" height=\"683\" src=\"https:\/\/espaciocultural.ciudaddemendoza.gob.ar\/wp-content\/uploads\/2022\/08\/Anexo-1024x683.jpg\" class=\"attachment-large size-large wp-image-97595\" alt=\"\" srcset=\"https:\/\/espaciocultural.ciudaddemendoza.gob.ar\/wp-content\/uploads\/2022\/08\/Anexo-1024x683.jpg 1024w, https:\/\/espaciocultural.ciudaddemendoza.gob.ar\/wp-content\/uploads\/2022\/08\/Anexo-300x200.jpg 300w, https:\/\/espaciocultural.ciudaddemendoza.gob.ar\/wp-content\/uploads\/2022\/08\/Anexo-768x512.jpg 768w, https:\/\/espaciocultural.ciudaddemendoza.gob.ar\/wp-content\/uploads\/2022\/08\/Anexo-391x260.jpg 391w, https:\/\/espaciocultural.ciudaddemendoza.gob.ar\/wp-content\/uploads\/2022\/08\/Anexo-1536x1024.jpg 1536w, https:\/\/espaciocultural.ciudaddemendoza.gob.ar\/wp-content\/uploads\/2022\/08\/Anexo-24x16.jpg 24w, https:\/\/espaciocultural.ciudaddemendoza.gob.ar\/wp-content\/uploads\/2022\/08\/Anexo-36x24.jpg 36w, https:\/\/espaciocultural.ciudaddemendoza.gob.ar\/wp-content\/uploads\/2022\/08\/Anexo-48x32.jpg 48w, https:\/\/espaciocultural.ciudaddemendoza.gob.ar\/wp-content\/uploads\/2022\/08\/Anexo.jpg 2046w\" sizes=\"auto, (max-width: 1024px) 100vw, 1024px\" \/> <span class=\"raven-post-image-overlay\"><\/span><\/a>\t\t<\/div>\n\t\t\n\t\t\t\t\t<div class=\"raven-post-content\">\n\t\t\t\t\t\t<div class=\"raven-post-title\"><a class=\"raven-post-title-link\" href=\"https:\/\/espaciocultural.ciudaddemendoza.gob.ar\/?p=97593\">Inaugura \u201cLa vida secreta de las im\u00e1genes\u201d, de Mariel Matoz en el Anexo MMAMM<\/a><\/div>\t\t<div class=\"raven-post-meta\"><a class=\"raven-post-meta-item raven-post-date\" href=\"https:\/\/espaciocultural.ciudaddemendoza.gob.ar\/?m=202208\" rel=\"bookmark\">agosto 8, 2022<\/a><\/div>\n\t\t\t\t<div class=\"raven-post-excerpt\">La exposici\u00f3n llegar\u00e1 a la sala ubicada en el Parque Central, este jueves 11 de agosto a las 19. Entrada gratuita. La&nbsp;Sala Anexo MMAMM&nbsp;inaugura una nueva muestra. Se trata de&nbsp;\u201cLa<\/div>\n\t\t\t\t\t\t\t<\/div>\n\t\t\t\t<\/div>\n\t\t\t<\/div>\n\t\t<\/div>\n\t\t\n\t\t<div class=\"swiper-slide\">\n\t\t\t<div class=\"raven-post-wrapper\">\n\t\t\t\t<div class=\"raven-post\">\n\t\t\t\t\t\t\t<div class=\"raven-post-image-wrap\">\n\t\t\t<a class=\"raven-post-image raven-image-fit\"  href=https:\/\/espaciocultural.ciudaddemendoza.gob.ar\/?p=97552><img loading=\"lazy\" decoding=\"async\" width=\"1024\" height=\"683\" src=\"https:\/\/espaciocultural.ciudaddemendoza.gob.ar\/wp-content\/uploads\/2022\/07\/Anexo-MMAMM-1024x683.jpg\" class=\"attachment-large size-large wp-image-97553\" alt=\"\" srcset=\"https:\/\/espaciocultural.ciudaddemendoza.gob.ar\/wp-content\/uploads\/2022\/07\/Anexo-MMAMM-1024x683.jpg 1024w, https:\/\/espaciocultural.ciudaddemendoza.gob.ar\/wp-content\/uploads\/2022\/07\/Anexo-MMAMM-300x200.jpg 300w, https:\/\/espaciocultural.ciudaddemendoza.gob.ar\/wp-content\/uploads\/2022\/07\/Anexo-MMAMM-768x512.jpg 768w, https:\/\/espaciocultural.ciudaddemendoza.gob.ar\/wp-content\/uploads\/2022\/07\/Anexo-MMAMM-391x260.jpg 391w, https:\/\/espaciocultural.ciudaddemendoza.gob.ar\/wp-content\/uploads\/2022\/07\/Anexo-MMAMM-1536x1024.jpg 1536w, https:\/\/espaciocultural.ciudaddemendoza.gob.ar\/wp-content\/uploads\/2022\/07\/Anexo-MMAMM-2048x1365.jpg 2048w, https:\/\/espaciocultural.ciudaddemendoza.gob.ar\/wp-content\/uploads\/2022\/07\/Anexo-MMAMM-24x16.jpg 24w, https:\/\/espaciocultural.ciudaddemendoza.gob.ar\/wp-content\/uploads\/2022\/07\/Anexo-MMAMM-36x24.jpg 36w, https:\/\/espaciocultural.ciudaddemendoza.gob.ar\/wp-content\/uploads\/2022\/07\/Anexo-MMAMM-48x32.jpg 48w\" sizes=\"auto, (max-width: 1024px) 100vw, 1024px\" \/> <span class=\"raven-post-image-overlay\"><\/span><\/a>\t\t<\/div>\n\t\t\n\t\t\t\t\t<div class=\"raven-post-content\">\n\t\t\t\t\t\t<div class=\"raven-post-title\"><a class=\"raven-post-title-link\" href=\"https:\/\/espaciocultural.ciudaddemendoza.gob.ar\/?p=97552\">\u201cPUPA. Pr\u00e1ctica de movimiento\u201d: una experiencia diferente en el Anexo MMAMM<\/a><\/div>\t\t<div class=\"raven-post-meta\"><a class=\"raven-post-meta-item raven-post-date\" href=\"https:\/\/espaciocultural.ciudaddemendoza.gob.ar\/?m=202206\" rel=\"bookmark\">junio 30, 2022<\/a><\/div>\n\t\t\t\t<div class=\"raven-post-excerpt\">La propuesta de movimiento corporal guiada ser\u00e1 los mi\u00e9rcoles 6, 13 y 20 en el espacio cultural situado en el Parque Central. Gratis con inscripci\u00f3n previa. La Ciudad de Mendoza<\/div>\n\t\t\t\t\t\t\t<\/div>\n\t\t\t\t<\/div>\n\t\t\t<\/div>\n\t\t<\/div>\n\t\t\n\t\t<div class=\"swiper-slide\">\n\t\t\t<div class=\"raven-post-wrapper\">\n\t\t\t\t<div class=\"raven-post\">\n\t\t\t\t\t\t\t<div class=\"raven-post-image-wrap\">\n\t\t\t<a class=\"raven-post-image raven-image-fit\"  href=https:\/\/espaciocultural.ciudaddemendoza.gob.ar\/?p=97538><img loading=\"lazy\" decoding=\"async\" width=\"1024\" height=\"576\" src=\"https:\/\/espaciocultural.ciudaddemendoza.gob.ar\/wp-content\/uploads\/2022\/06\/ninos-parque-central-1024x576.jpeg\" class=\"attachment-large size-large wp-image-97539\" alt=\"\" srcset=\"https:\/\/espaciocultural.ciudaddemendoza.gob.ar\/wp-content\/uploads\/2022\/06\/ninos-parque-central-1024x576.jpeg 1024w, https:\/\/espaciocultural.ciudaddemendoza.gob.ar\/wp-content\/uploads\/2022\/06\/ninos-parque-central-300x169.jpeg 300w, https:\/\/espaciocultural.ciudaddemendoza.gob.ar\/wp-content\/uploads\/2022\/06\/ninos-parque-central-768x432.jpeg 768w, https:\/\/espaciocultural.ciudaddemendoza.gob.ar\/wp-content\/uploads\/2022\/06\/ninos-parque-central-24x14.jpeg 24w, https:\/\/espaciocultural.ciudaddemendoza.gob.ar\/wp-content\/uploads\/2022\/06\/ninos-parque-central-36x20.jpeg 36w, https:\/\/espaciocultural.ciudaddemendoza.gob.ar\/wp-content\/uploads\/2022\/06\/ninos-parque-central-48x27.jpeg 48w, https:\/\/espaciocultural.ciudaddemendoza.gob.ar\/wp-content\/uploads\/2022\/06\/ninos-parque-central.jpeg 1168w\" sizes=\"auto, (max-width: 1024px) 100vw, 1024px\" \/> <span class=\"raven-post-image-overlay\"><\/span><\/a>\t\t<\/div>\n\t\t\n\t\t\t\t\t<div class=\"raven-post-content\">\n\t\t\t\t\t\t<div class=\"raven-post-title\"><a class=\"raven-post-title-link\" href=\"https:\/\/espaciocultural.ciudaddemendoza.gob.ar\/?p=97538\">Experiencias educativas para los m\u00e1s peque\u00f1os en el Anexo MMAMM<\/a><\/div>\t\t<div class=\"raven-post-meta\"><a class=\"raven-post-meta-item raven-post-date\" href=\"https:\/\/espaciocultural.ciudaddemendoza.gob.ar\/?m=202205\" rel=\"bookmark\">mayo 31, 2022<\/a><\/div>\n\t\t\t\t<div class=\"raven-post-excerpt\">La Ciudad de Mendoza invita a los m\u00e1s chicos a un taller de elaboraci\u00f3n de objetos en cartapesta que se dar\u00e1 el 1 y 8 de junio de 16 a<\/div>\n\t\t\t\t\t\t\t<\/div>\n\t\t\t\t<\/div>\n\t\t\t<\/div>\n\t\t<\/div>\n\t\t\n\t\t<div class=\"swiper-slide\">\n\t\t\t<div class=\"raven-post-wrapper\">\n\t\t\t\t<div class=\"raven-post\">\n\t\t\t\t\t\t\t<div class=\"raven-post-image-wrap\">\n\t\t\t<a class=\"raven-post-image raven-image-fit\"  href=https:\/\/espaciocultural.ciudaddemendoza.gob.ar\/?p=97488><img loading=\"lazy\" decoding=\"async\" width=\"1024\" height=\"552\" src=\"https:\/\/espaciocultural.ciudaddemendoza.gob.ar\/wp-content\/uploads\/2022\/05\/esplendor-grafica-1024x552.jpg\" class=\"attachment-large size-large wp-image-97489\" alt=\"\" srcset=\"https:\/\/espaciocultural.ciudaddemendoza.gob.ar\/wp-content\/uploads\/2022\/05\/esplendor-grafica-1024x552.jpg 1024w, https:\/\/espaciocultural.ciudaddemendoza.gob.ar\/wp-content\/uploads\/2022\/05\/esplendor-grafica-300x162.jpg 300w, https:\/\/espaciocultural.ciudaddemendoza.gob.ar\/wp-content\/uploads\/2022\/05\/esplendor-grafica-768x414.jpg 768w, https:\/\/espaciocultural.ciudaddemendoza.gob.ar\/wp-content\/uploads\/2022\/05\/esplendor-grafica-24x13.jpg 24w, https:\/\/espaciocultural.ciudaddemendoza.gob.ar\/wp-content\/uploads\/2022\/05\/esplendor-grafica-36x19.jpg 36w, https:\/\/espaciocultural.ciudaddemendoza.gob.ar\/wp-content\/uploads\/2022\/05\/esplendor-grafica-48x26.jpg 48w, https:\/\/espaciocultural.ciudaddemendoza.gob.ar\/wp-content\/uploads\/2022\/05\/esplendor-grafica.jpg 1170w\" sizes=\"auto, (max-width: 1024px) 100vw, 1024px\" \/> <span class=\"raven-post-image-overlay\"><\/span><\/a>\t\t<\/div>\n\t\t\n\t\t\t\t\t<div class=\"raven-post-content\">\n\t\t\t\t\t\t<div class=\"raven-post-title\"><a class=\"raven-post-title-link\" href=\"https:\/\/espaciocultural.ciudaddemendoza.gob.ar\/?p=97488\">Inaugura \u201cEsplendor\u201d de Francisco Borsani<\/a><\/div>\t\t<div class=\"raven-post-meta\"><a class=\"raven-post-meta-item raven-post-date\" href=\"https:\/\/espaciocultural.ciudaddemendoza.gob.ar\/?m=202205\" rel=\"bookmark\">mayo 2, 2022<\/a><\/div>\n\t\t\t\t<div class=\"raven-post-excerpt\">Con entrada libre y gratuita, Ciudad de Mendoza invita a apreciar la obra del prestigioso artista local, este jueves 5 de mayo a las 19 en el Anexo MMAMM del<\/div>\n\t\t\t\t\t\t\t<\/div>\n\t\t\t\t<\/div>\n\t\t\t<\/div>\n\t\t<\/div>\n\t\t\n\t\t<div class=\"swiper-slide\">\n\t\t\t<div class=\"raven-post-wrapper\">\n\t\t\t\t<div class=\"raven-post\">\n\t\t\t\t\t\t\t<div class=\"raven-post-image-wrap\">\n\t\t\t<a class=\"raven-post-image raven-image-fit\"  href=https:\/\/espaciocultural.ciudaddemendoza.gob.ar\/?p=97409><img loading=\"lazy\" decoding=\"async\" width=\"1024\" height=\"683\" src=\"https:\/\/espaciocultural.ciudaddemendoza.gob.ar\/wp-content\/uploads\/2022\/03\/IP-1024x683.jpg\" class=\"attachment-large size-large wp-image-97310\" alt=\"\" srcset=\"https:\/\/espaciocultural.ciudaddemendoza.gob.ar\/wp-content\/uploads\/2022\/03\/IP-1024x683.jpg 1024w, https:\/\/espaciocultural.ciudaddemendoza.gob.ar\/wp-content\/uploads\/2022\/03\/IP-300x200.jpg 300w, https:\/\/espaciocultural.ciudaddemendoza.gob.ar\/wp-content\/uploads\/2022\/03\/IP-768x512.jpg 768w, https:\/\/espaciocultural.ciudaddemendoza.gob.ar\/wp-content\/uploads\/2022\/03\/IP-391x260.jpg 391w, https:\/\/espaciocultural.ciudaddemendoza.gob.ar\/wp-content\/uploads\/2022\/03\/IP-1536x1024.jpg 1536w, https:\/\/espaciocultural.ciudaddemendoza.gob.ar\/wp-content\/uploads\/2022\/03\/IP-2048x1365.jpg 2048w, https:\/\/espaciocultural.ciudaddemendoza.gob.ar\/wp-content\/uploads\/2022\/03\/IP-24x16.jpg 24w, https:\/\/espaciocultural.ciudaddemendoza.gob.ar\/wp-content\/uploads\/2022\/03\/IP-36x24.jpg 36w, https:\/\/espaciocultural.ciudaddemendoza.gob.ar\/wp-content\/uploads\/2022\/03\/IP-48x32.jpg 48w\" sizes=\"auto, (max-width: 1024px) 100vw, 1024px\" \/> <span class=\"raven-post-image-overlay\"><\/span><\/a>\t\t<\/div>\n\t\t\n\t\t\t\t\t<div class=\"raven-post-content\">\n\t\t\t\t\t\t<div class=\"raven-post-title\"><a class=\"raven-post-title-link\" href=\"https:\/\/espaciocultural.ciudaddemendoza.gob.ar\/?p=97409\">\u201cTodo estaba sucio\u201d trae\u00a0una propuesta de construcci\u00f3n colectiva en el MMAMM<\/a><\/div>\t\t<div class=\"raven-post-meta\"><a class=\"raven-post-meta-item raven-post-date\" href=\"https:\/\/espaciocultural.ciudaddemendoza.gob.ar\/?m=202204\" rel=\"bookmark\">abril 4, 2022<\/a><\/div>\n\t\t\t\t<div class=\"raven-post-excerpt\">La actividad ser\u00e1 este mi\u00e9rcoles y busca generar un encuentro de di\u00e1logo y reflexi\u00f3n a partir de archivos propios aportados por los asistentes. La entrada es libre y gratuita. En<\/div>\n\t\t\t\t\t\t\t<\/div>\n\t\t\t\t<\/div>\n\t\t\t<\/div>\n\t\t<\/div>\n\t\t\n\t\t<div class=\"swiper-slide\">\n\t\t\t<div class=\"raven-post-wrapper\">\n\t\t\t\t<div class=\"raven-post\">\n\t\t\t\t\t\t\t<div class=\"raven-post-image-wrap\">\n\t\t\t<a class=\"raven-post-image raven-image-fit\"  href=https:\/\/espaciocultural.ciudaddemendoza.gob.ar\/?p=97316><img loading=\"lazy\" decoding=\"async\" width=\"960\" height=\"720\" src=\"https:\/\/espaciocultural.ciudaddemendoza.gob.ar\/wp-content\/uploads\/2022\/03\/8cc8980f-1667-e177-3d0a-a23efb2d962a-1.jpeg\" class=\"attachment-large size-large wp-image-97317\" alt=\"\" srcset=\"https:\/\/espaciocultural.ciudaddemendoza.gob.ar\/wp-content\/uploads\/2022\/03\/8cc8980f-1667-e177-3d0a-a23efb2d962a-1.jpeg 960w, https:\/\/espaciocultural.ciudaddemendoza.gob.ar\/wp-content\/uploads\/2022\/03\/8cc8980f-1667-e177-3d0a-a23efb2d962a-1-300x225.jpeg 300w, https:\/\/espaciocultural.ciudaddemendoza.gob.ar\/wp-content\/uploads\/2022\/03\/8cc8980f-1667-e177-3d0a-a23efb2d962a-1-768x576.jpeg 768w, https:\/\/espaciocultural.ciudaddemendoza.gob.ar\/wp-content\/uploads\/2022\/03\/8cc8980f-1667-e177-3d0a-a23efb2d962a-1-24x18.jpeg 24w, https:\/\/espaciocultural.ciudaddemendoza.gob.ar\/wp-content\/uploads\/2022\/03\/8cc8980f-1667-e177-3d0a-a23efb2d962a-1-36x27.jpeg 36w, https:\/\/espaciocultural.ciudaddemendoza.gob.ar\/wp-content\/uploads\/2022\/03\/8cc8980f-1667-e177-3d0a-a23efb2d962a-1-48x36.jpeg 48w\" sizes=\"auto, (max-width: 960px) 100vw, 960px\" \/> <span class=\"raven-post-image-overlay\"><\/span><\/a>\t\t<\/div>\n\t\t\n\t\t\t\t\t<div class=\"raven-post-content\">\n\t\t\t\t\t\t<div class=\"raven-post-title\"><a class=\"raven-post-title-link\" href=\"https:\/\/espaciocultural.ciudaddemendoza.gob.ar\/?p=97316\">La Ciudad seleccion\u00f3 a los proyectos 2022 de la Sala Anexo del MMAMM<\/a><\/div>\t\t<div class=\"raven-post-meta\"><a class=\"raven-post-meta-item raven-post-date\" href=\"https:\/\/espaciocultural.ciudaddemendoza.gob.ar\/?m=202203\" rel=\"bookmark\">marzo 8, 2022<\/a><\/div>\n\t\t\t\t<div class=\"raven-post-excerpt\">Tras una convocatoria que reuni\u00f3 72 proyectos de artistas visuales, un jurado compuesto por reconocidas figuras eligi\u00f3 los seis proyectos que ser\u00e1n parte de la programaci\u00f3n de ese espacio. Despu\u00e9s<\/div>\n\t\t\t\t\t\t\t<\/div>\n\t\t\t\t<\/div>\n\t\t\t<\/div>\n\t\t<\/div>\n\t\t\n\t\t<div class=\"swiper-slide\">\n\t\t\t<div class=\"raven-post-wrapper\">\n\t\t\t\t<div class=\"raven-post\">\n\t\t\t\t\t\t\t<div class=\"raven-post-image-wrap\">\n\t\t\t<a class=\"raven-post-image raven-image-fit\"  href=https:\/\/espaciocultural.ciudaddemendoza.gob.ar\/?p=97309><img loading=\"lazy\" decoding=\"async\" width=\"1024\" height=\"577\" src=\"https:\/\/espaciocultural.ciudaddemendoza.gob.ar\/wp-content\/uploads\/2022\/03\/i-1024x577.jpg\" class=\"attachment-large size-large wp-image-97311\" alt=\"\" srcset=\"https:\/\/espaciocultural.ciudaddemendoza.gob.ar\/wp-content\/uploads\/2022\/03\/i-1024x577.jpg 1024w, https:\/\/espaciocultural.ciudaddemendoza.gob.ar\/wp-content\/uploads\/2022\/03\/i-300x169.jpg 300w, https:\/\/espaciocultural.ciudaddemendoza.gob.ar\/wp-content\/uploads\/2022\/03\/i-768x433.jpg 768w, https:\/\/espaciocultural.ciudaddemendoza.gob.ar\/wp-content\/uploads\/2022\/03\/i-1536x865.jpg 1536w, https:\/\/espaciocultural.ciudaddemendoza.gob.ar\/wp-content\/uploads\/2022\/03\/i-24x14.jpg 24w, https:\/\/espaciocultural.ciudaddemendoza.gob.ar\/wp-content\/uploads\/2022\/03\/i-36x20.jpg 36w, https:\/\/espaciocultural.ciudaddemendoza.gob.ar\/wp-content\/uploads\/2022\/03\/i-48x27.jpg 48w, https:\/\/espaciocultural.ciudaddemendoza.gob.ar\/wp-content\/uploads\/2022\/03\/i.jpg 1923w\" sizes=\"auto, (max-width: 1024px) 100vw, 1024px\" \/> <span class=\"raven-post-image-overlay\"><\/span><\/a>\t\t<\/div>\n\t\t\n\t\t\t\t\t<div class=\"raven-post-content\">\n\t\t\t\t\t\t<div class=\"raven-post-title\"><a class=\"raven-post-title-link\" href=\"https:\/\/espaciocultural.ciudaddemendoza.gob.ar\/?p=97309\">Inaugura la exposici\u00f3n \u201cTodo estaba sucio\u201d en la Sala Anexo MMAMM<\/a><\/div>\t\t<div class=\"raven-post-meta\"><a class=\"raven-post-meta-item raven-post-date\" href=\"https:\/\/espaciocultural.ciudaddemendoza.gob.ar\/?m=202203\" rel=\"bookmark\">marzo 7, 2022<\/a><\/div>\n\t\t\t\t<div class=\"raven-post-excerpt\">El jueves 10 de marzo a las 19 se realizar\u00e1 la apertura de la muestra \u201cTodo estaba sucio\u201d, de Luc\u00eda Reissig y Marisa Agri. La exposici\u00f3n se puede visitar de<\/div>\n\t\t\t\t\t\t\t<\/div>\n\t\t\t\t<\/div>\n\t\t\t<\/div>\n\t\t<\/div>\n\t\t\n\t\t<div class=\"swiper-slide\">\n\t\t\t<div class=\"raven-post-wrapper\">\n\t\t\t\t<div class=\"raven-post\">\n\t\t\t\t\t\t\t<div class=\"raven-post-image-wrap\">\n\t\t\t<a class=\"raven-post-image raven-image-fit\"  href=https:\/\/espaciocultural.ciudaddemendoza.gob.ar\/?p=96696><img loading=\"lazy\" decoding=\"async\" width=\"900\" height=\"585\" src=\"https:\/\/espaciocultural.ciudaddemendoza.gob.ar\/wp-content\/uploads\/2021\/10\/image_2021-10-15_133341.png\" class=\"attachment-large size-large wp-image-96138\" alt=\"\" srcset=\"https:\/\/espaciocultural.ciudaddemendoza.gob.ar\/wp-content\/uploads\/2021\/10\/image_2021-10-15_133341.png 900w, https:\/\/espaciocultural.ciudaddemendoza.gob.ar\/wp-content\/uploads\/2021\/10\/image_2021-10-15_133341-300x195.png 300w, https:\/\/espaciocultural.ciudaddemendoza.gob.ar\/wp-content\/uploads\/2021\/10\/image_2021-10-15_133341-768x499.png 768w\" sizes=\"auto, (max-width: 900px) 100vw, 900px\" \/> <span class=\"raven-post-image-overlay\"><\/span><\/a>\t\t<\/div>\n\t\t\n\t\t\t\t\t<div class=\"raven-post-content\">\n\t\t\t\t\t\t<div class=\"raven-post-title\"><a class=\"raven-post-title-link\" href=\"https:\/\/espaciocultural.ciudaddemendoza.gob.ar\/?p=96696\">Nueva muestra en el Anexo MMAMM<\/a><\/div>\t\t<div class=\"raven-post-meta\"><a class=\"raven-post-meta-item raven-post-date\" href=\"https:\/\/espaciocultural.ciudaddemendoza.gob.ar\/?m=202111\" rel=\"bookmark\">noviembre 12, 2021<\/a><\/div>\n\t\t\t\t<div class=\"raven-post-excerpt\">La sala de arte del Parque Central abre este jueves la exposici\u00f3n fotogr\u00e1fica \u00abT\u00e9rminos &amp; Condiciones\u00bb.<\/div>\n\t\t\t\t\t\t\t<\/div>\n\t\t\t\t<\/div>\n\t\t\t<\/div>\n\t\t<\/div>\n\t\t\n\t\t<div class=\"swiper-slide\">\n\t\t\t<div class=\"raven-post-wrapper\">\n\t\t\t\t<div class=\"raven-post\">\n\t\t\t\t\t\t\t<div class=\"raven-post-image-wrap\">\n\t\t\t<a class=\"raven-post-image raven-image-fit\"  href=https:\/\/espaciocultural.ciudaddemendoza.gob.ar\/?p=96675><img loading=\"lazy\" decoding=\"async\" width=\"900\" height=\"585\" src=\"https:\/\/espaciocultural.ciudaddemendoza.gob.ar\/wp-content\/uploads\/2021\/10\/image_2021-10-15_133341.png\" class=\"attachment-large size-large wp-image-96138\" alt=\"\" srcset=\"https:\/\/espaciocultural.ciudaddemendoza.gob.ar\/wp-content\/uploads\/2021\/10\/image_2021-10-15_133341.png 900w, https:\/\/espaciocultural.ciudaddemendoza.gob.ar\/wp-content\/uploads\/2021\/10\/image_2021-10-15_133341-300x195.png 300w, https:\/\/espaciocultural.ciudaddemendoza.gob.ar\/wp-content\/uploads\/2021\/10\/image_2021-10-15_133341-768x499.png 768w\" sizes=\"auto, (max-width: 900px) 100vw, 900px\" \/> <span class=\"raven-post-image-overlay\"><\/span><\/a>\t\t<\/div>\n\t\t\n\t\t\t\t\t<div class=\"raven-post-content\">\n\t\t\t\t\t\t<div class=\"raven-post-title\"><a class=\"raven-post-title-link\" href=\"https:\/\/espaciocultural.ciudaddemendoza.gob.ar\/?p=96675\">Nueva muestra en el Anexo MMAMM<\/a><\/div>\t\t<div class=\"raven-post-meta\"><a class=\"raven-post-meta-item raven-post-date\" href=\"https:\/\/espaciocultural.ciudaddemendoza.gob.ar\/?m=202111\" rel=\"bookmark\">noviembre 2, 2021<\/a><\/div>\n\t\t\t\t<div class=\"raven-post-excerpt\">La sala de arte del Parque Central abre este jueves la exposici\u00f3n fotogr\u00e1fica \u00abT\u00e9rminos &amp; Condiciones\u00bb. La Ciudad de Mendoza invita este jueves 4 de noviembre a la inauguraci\u00f3n de<\/div>\n\t\t\t\t\t\t\t<\/div>\n\t\t\t\t<\/div>\n\t\t\t<\/div>\n\t\t<\/div>\n\t\t\t\t\t\t<\/div>\n\t\t<div class=\"swiper-pagination swiper-pager-outside bullets-pagination-type\"><\/div>\n\t\t<\/div>\n\n\t\t\t\t\t\t\t<div class=\"swiper-button-prev\"><\/div>\n\t\t\t\t<div class=\"swiper-button-next\"><\/div>\n\t\t\t\n\t\t<\/div>\n\t\t\t\t<\/div>\n\t\t\t\t<\/div>\n\t\t\t\t\t<\/div>\n\t\t<\/div>\n\t\t\t\t\t\t\t<\/div>\n\t\t<\/section>\n\t\t\t\t\t\t\t<\/div>\n\t\t","protected":false},"excerpt":{"rendered":"<p>Contacto mmamm@ciudaddemendoza.gov.ar Direcci\u00f3n Plaza Independencia Ingreso Gratuito Horario de Visitas Martes a viernes: 10:00 &#8211; 19.00hs. S\u00e1bados, domingos y feriados: 16 a 20hs. Anexo MMAMM Noticias \u00abEl n\u00famero solicitado no corresponde a un abonado en servicio\u00ab, marzo 2019. 16 de octubre de 2021 En el mes de marzo de 2019 nos acompa\u00f1\u00f3 el artista Migo [&hellip;]<\/p>\n","protected":false},"author":1,"featured_media":0,"parent":202,"menu_order":0,"comment_status":"closed","ping_status":"closed","template":"","meta":{"om_disable_all_campaigns":false,"_mi_skip_tracking":false,"_monsterinsights_sitenote_active":false,"_monsterinsights_sitenote_note":"","_monsterinsights_sitenote_category":0,"_mc_calendar":[],"footnotes":""},"class_list":["post-95529","page","type-page","status-publish","hentry"],"acf":[],"aioseo_notices":[],"_links":{"self":[{"href":"https:\/\/espaciocultural.ciudaddemendoza.gob.ar\/index.php?rest_route=\/wp\/v2\/pages\/95529","targetHints":{"allow":["GET"]}}],"collection":[{"href":"https:\/\/espaciocultural.ciudaddemendoza.gob.ar\/index.php?rest_route=\/wp\/v2\/pages"}],"about":[{"href":"https:\/\/espaciocultural.ciudaddemendoza.gob.ar\/index.php?rest_route=\/wp\/v2\/types\/page"}],"author":[{"embeddable":true,"href":"https:\/\/espaciocultural.ciudaddemendoza.gob.ar\/index.php?rest_route=\/wp\/v2\/users\/1"}],"replies":[{"embeddable":true,"href":"https:\/\/espaciocultural.ciudaddemendoza.gob.ar\/index.php?rest_route=%2Fwp%2Fv2%2Fcomments&post=95529"}],"version-history":[{"count":55,"href":"https:\/\/espaciocultural.ciudaddemendoza.gob.ar\/index.php?rest_route=\/wp\/v2\/pages\/95529\/revisions"}],"predecessor-version":[{"id":96649,"href":"https:\/\/espaciocultural.ciudaddemendoza.gob.ar\/index.php?rest_route=\/wp\/v2\/pages\/95529\/revisions\/96649"}],"up":[{"embeddable":true,"href":"https:\/\/espaciocultural.ciudaddemendoza.gob.ar\/index.php?rest_route=\/wp\/v2\/pages\/202"}],"wp:attachment":[{"href":"https:\/\/espaciocultural.ciudaddemendoza.gob.ar\/index.php?rest_route=%2Fwp%2Fv2%2Fmedia&parent=95529"}],"curies":[{"name":"wp","href":"https:\/\/api.w.org\/{rel}","templated":true}]}}